{"id":423,"date":"2026-03-07T07:56:00","date_gmt":"2026-03-07T07:56:00","guid":{"rendered":"https:\/\/ecocentral.cat\/?page_id=423"},"modified":"2026-04-19T06:39:01","modified_gmt":"2026-04-19T06:39:01","slug":"el-proyecto","status":"publish","type":"page","link":"https:\/\/ecocentral.cat\/es_es\/el-projecte\/","title":{"rendered":"El proyecto Ecocentral"},"content":{"rendered":"<div class=\"wp-block-uagb-container uagb-block-874ffcd3 alignfull uagb-is-root-container\"><div class=\"uagb-container-inner-blocks-wrap\">\n<div class=\"wp-block-uagb-container uag-blocks-common-selector uagb-block-0400b19f\">\n<div class=\"wp-block-uagb-advanced-heading uagb-block-a1d9431c\"><h1 class=\"uagb-heading-text\"><strong>LLEVAMOS LA ECOLOG\u00cdA A LAS ESCUELAS<\/strong><\/h1><\/div>\n\n\n\n<div class=\"wp-block-uagb-advanced-heading uagb-block-f382f762\"><h2 class=\"uagb-heading-text\">Un proyecto<br>ecol\u00f3gico<br>por convencimiento<\/h2><\/div>\n\n\n\n<div class=\"wp-block-uagb-container uagb-layout-flex uagb-block-10dfce62\">\n<div class=\"wp-block-uagb-advanced-heading uagb-block-49272e4d\"><p class=\"uagb-heading-text\">El motor de nuestro movimiento es el bienestar de las personas<\/p><\/div>\n\n\n\n<div class=\"wp-block-uagb-advanced-heading uagb-block-48c42929\"><h2 class=\"uagb-heading-text\">Conoce qui\u00e9nes somos y c\u00f3mo hemos llegado hasta aqu\u00ed.<\/h2><\/div>\n\n\n\n<div class=\"wp-block-uagb-buttons uagb-buttons__outer-wrap uagb-btn__large-btn uagb-btn-tablet__default-btn uagb-btn-mobile__default-btn uagb-block-c11ccc97\"><div class=\"uagb-buttons__wrap uagb-buttons-layout-wrap\">\n<div class=\"wp-block-uagb-buttons-child uagb-buttons__outer-wrap uagb-block-e7f89940 wp-block-button\"><div class=\"uagb-button__wrapper\"><a class=\"uagb-buttons-repeater wp-block-button__link\" aria-label=\"\" href=\"https:\/\/ecocentral.cat\/es_es\/#escola-eco\" rel=\"follow noopener\" target=\"_self\" role=\"button\"><div class=\"uagb-button__link\">Quiero ser una escuela ECO<\/div><\/a><\/div><\/div>\n\n\n\n<div class=\"wp-block-uagb-buttons-child uagb-buttons__outer-wrap uagb-block-af0465f4 wp-block-button\"><div class=\"uagb-button__wrapper\"><a class=\"uagb-buttons-repeater wp-block-button__link\" aria-label=\"\" href=\"https:\/\/ecocentral.cat\/es_es\/#soc-gestora\" rel=\"follow noopener\" target=\"_self\" role=\"button\"><div class=\"uagb-button__link\">soy una gestora<\/div><\/a><\/div><\/div>\n<\/div><\/div>\n<\/div>\n<\/div>\n<\/div><\/div>\n\n\n\n<div class=\"wp-block-uagb-container uagb-block-5d391bb9 alignfull uagb-is-root-container\"><div class=\"uagb-container-inner-blocks-wrap\">\n<div class=\"wp-block-uagb-advanced-heading uagb-block-546d7c47\"><p class=\"uagb-heading-text\">SOMOS DISTRIBUIDORES AGROECOL\u00d3GICOS<\/p><\/div>\n<\/div><\/div>\n\n\n\n<div class=\"wp-block-uagb-container uagb-block-7fc7c530 alignfull uagb-is-root-container\"><div class=\"uagb-container-inner-blocks-wrap\">\n<div class=\"wp-block-uagb-advanced-heading uagb-block-60c86c43\"><p class=\"uagb-heading-text\">Creemos que la alimentaci\u00f3n saludable es un derecho, no privilegio. Consideramos que los comedores escolares son un verdadero punto de apoyo al cambio social a trav\u00e9s del alimento.<\/p><\/div>\n<\/div><\/div>\n\n\n\n<div class=\"wp-block-uagb-container uagb-layout-flex uagb-block-19f64285 alignfull uagb-is-root-container\"><div class=\"uagb-container-inner-blocks-wrap\">\n<div class=\"wp-block-uagb-container uagb-block-37734816 alignfull uagb-is-root-container\"><div class=\"uagb-container-inner-blocks-wrap\">\n<div class=\"wp-block-uagb-container uagb-block-a4e8087e\">\n<div class=\"wp-block-uagb-info-box uagb-block-06414c48 uagb-infobox__content-wrap  uagb-infobox-icon-above-title uagb-infobox-image-valign-top\"><div class=\"uagb-ifb-content\"><div class=\"uagb-ifb-image-content\"><img decoding=\"async\" src=\"https:\/\/ecocentral.cat\/wp-content\/uploads\/2026\/03\/3-Ecologics-proximitat.png\" alt=\"\" width=\"63\" height=\"63\" loading=\"lazy\"\/><\/div><div class=\"uagb-ifb-title-wrap\"><h3 class=\"uagb-ifb-title\">Ecol\u00f3gicos y de proximidad<\/h3><\/div><p class=\"uagb-ifb-desc\">Apoyamos iniciativas locales y ayudamos a peque\u00f1os productores y cooperativas.<\/p><\/div><\/div>\n<\/div>\n\n\n\n<div class=\"wp-block-uagb-container uagb-block-fa8d17e8\">\n<div class=\"wp-block-uagb-info-box uagb-block-9555fc46 uagb-infobox__content-wrap  uagb-infobox-icon-above-title uagb-infobox-image-valign-top\"><div class=\"uagb-ifb-content\"><div class=\"uagb-ifb-image-content\"><img decoding=\"async\" src=\"https:\/\/ecocentral.cat\/wp-content\/uploads\/2026\/03\/3-Transparents.png\" alt=\"\" width=\"41\" height=\"55\" loading=\"lazy\"\/><\/div><div class=\"uagb-ifb-title-wrap\"><h3 class=\"uagb-ifb-title\">Transparentes<\/h3><\/div><p class=\"uagb-ifb-desc\">El dinero que nos entregan nuestros clientes se lo damos a los productores y productoras.<\/p><\/div><\/div>\n<\/div>\n\n\n\n<div class=\"wp-block-uagb-container uagb-block-6445d50e\">\n<div class=\"wp-block-uagb-info-box uagb-block-837c51bb uagb-infobox__content-wrap  uagb-infobox-icon-above-title uagb-infobox-image-valign-top\"><div class=\"uagb-ifb-content\"><div class=\"uagb-ifb-image-content\"><img decoding=\"async\" src=\"https:\/\/ecocentral.cat\/wp-content\/uploads\/2026\/03\/3-Inclusius.png\" alt=\"\" width=\"72\" height=\"47\" loading=\"lazy\"\/><\/div><div class=\"uagb-ifb-title-wrap\"><h3 class=\"uagb-ifb-title\">Inclusivos<br><\/h3><\/div><p class=\"uagb-ifb-desc\">Destinamos parte de los puestos de trabajo a personas en riesgo de exclusi\u00f3n.<\/p><\/div><\/div>\n<\/div>\n\n\n\n<div class=\"wp-block-uagb-container uagb-block-b2361c43\">\n<div class=\"wp-block-uagb-info-box uagb-block-f0c6209e uagb-infobox__content-wrap  uagb-infobox-icon-above-title uagb-infobox-image-valign-top\"><div class=\"uagb-ifb-content\"><div class=\"uagb-ifb-image-content\"><img decoding=\"async\" src=\"https:\/\/ecocentral.cat\/wp-content\/uploads\/2026\/03\/3-Solidaris.png\" alt=\"\" width=\"80\" height=\"56\" loading=\"lazy\"\/><\/div><div class=\"uagb-ifb-title-wrap\"><h3 class=\"uagb-ifb-title\">Solidarios<\/h3><\/div><p class=\"uagb-ifb-desc\">Apoyamos a la ONG Afrikanarias, que reparte comida de calidad en lugares donde no es f\u00e1cil encontrarla.<\/p><\/div><\/div>\n<\/div>\n<\/div><\/div>\n<\/div><\/div>\n\n\n\n<div class=\"wp-block-uagb-container uagb-block-948429e8 alignfull uagb-is-root-container\"><div class=\"uagb-container-inner-blocks-wrap\">\n<div class=\"wp-block-uagb-advanced-heading uagb-block-f84a2b17\"><p class=\"uagb-heading-text\">FACILITAMOS LA ALIMENTACI\u00d3N ECOL\u00d3GICA EN LAS ESCUELAS Y AMPODERAMOS LA PAGES\u00cdA LOCAL<\/p><\/div>\n<\/div><\/div>\n\n\n\n<div class=\"wp-block-uagb-container uagb-block-882b7486 alignfull uagb-is-root-container\"><div class=\"uagb-container-inner-blocks-wrap\">\n<div class=\"wp-block-uagb-advanced-heading uagb-block-20332028\"><p class=\"uagb-heading-text\">Biogrup es una iniciativa que piensa en toda la cadena de valor de la alimentaci\u00f3n en clave ecol\u00f3gica y sostenible. Por eso, trabajamos desde la log\u00edstica y la distribuci\u00f3n, hasta la venta directa de producto.<\/p><\/div>\n<\/div><\/div>\n\n\n\n<div class=\"wp-block-uagb-container uagb-layout-grid uagb-block-95cce269 alignfull uagb-is-root-container\"><div class=\"uagb-container-inner-blocks-wrap\">\n<div class=\"wp-block-uagb-container uagb-block-bed45502 alignfull uagb-is-root-container\"><div class=\"uagb-container-inner-blocks-wrap\">\n<div class=\"wp-block-uagb-container uagb-block-373adc3b\">\n<div class=\"wp-block-uagb-info-box uagb-block-b59ef166 uagb-infobox__content-wrap  uagb-infobox-icon-above-title uagb-infobox-image-valign-top\"><div class=\"uagb-ifb-content\"><div class=\"uagb-ifb-image-content\"><img decoding=\"async\" src=\"https:\/\/ecocentral.cat\/wp-content\/uploads\/2026\/03\/2-Logistica-propia-2.png\" alt=\"\" width=\"55\" height=\"55\" loading=\"lazy\"\/><\/div><div class=\"uagb-ifb-title-wrap\"><h3 class=\"uagb-ifb-title\">Log\u00edstica propia<\/h3><\/div><p class=\"uagb-ifb-desc\">Ecolog\u00edstico nos acerca la fruta y verdura del campesinado minimizando al m\u00e1ximo la huella de carbono.<\/p><\/div><\/div>\n<\/div>\n\n\n\n<div class=\"wp-block-uagb-container uagb-block-da96b5f5\">\n<div class=\"wp-block-uagb-info-box uagb-block-487004de uagb-infobox__content-wrap  uagb-infobox-icon-above-title uagb-infobox-image-valign-top\"><div class=\"uagb-ifb-content\"><div class=\"uagb-ifb-image-content\"><img decoding=\"async\" src=\"https:\/\/ecocentral.cat\/wp-content\/uploads\/2026\/03\/2-Distribucio.png\" alt=\"\" width=\"55\" height=\"57\" loading=\"lazy\"\/><\/div><div class=\"uagb-ifb-title-wrap\"><h3 class=\"uagb-ifb-title\">Distribuci\u00f3n<\/h3><\/div><p class=\"uagb-ifb-desc\">Proveedores agroecol\u00f3gicos de comedores escolares<\/p><\/div><\/div>\n<\/div>\n\n\n\n<div class=\"wp-block-uagb-container uagb-block-24ba4f60\">\n<div class=\"wp-block-uagb-info-box uagb-block-5c7fc2b1 uagb-infobox__content-wrap  uagb-infobox-icon-above-title uagb-infobox-image-valign-top\"><div class=\"uagb-ifb-content\"><div class=\"uagb-ifb-image-content\"><img decoding=\"async\" src=\"https:\/\/ecocentral.cat\/wp-content\/uploads\/2026\/03\/2_Venda-Proximitat_2.png\" alt=\"\" width=\"45\" height=\"61\" loading=\"lazy\"\/><\/div><div class=\"uagb-ifb-title-wrap\"><h3 class=\"uagb-ifb-title\">Venta de proximidad<\/h3><\/div><p class=\"uagb-ifb-desc\">Venta de producto ecol\u00f3gico en el coraz\u00f3n del barrio de Gr\u00e0cia de Barcelona<\/p><\/div><\/div>\n<\/div>\n<\/div><\/div>\n<\/div><\/div>\n\n\n\n<div class=\"wp-block-uagb-container uagb-block-d10bbc6f alignfull uagb-is-root-container\"><div class=\"uagb-container-inner-blocks-wrap\">\n<div class=\"wp-block-uagb-container uagb-block-60a2e48e\">\n<div class=\"wp-block-uagb-advanced-heading uagb-block-85a0ce1a\"><h2 class=\"uagb-heading-text\">20 A\u00d1OS COMPROMETIDOS CON LA ALIMENTACI\u00d3N SANA<\/h2><\/div>\n<\/div>\n<\/div><\/div>\n\n\n\n<div class=\"wp-block-uagb-container uagb-block-a7d6f0a0 alignfull uagb-is-root-container\"><div class=\"uagb-container-inner-blocks-wrap\">\n<div class=\"wp-block-uagb-content-timeline uagb-timeline__outer-wrap uagb-block-1c17d9c1 uagb-timeline__content-wrap uagb-timeline__center-block  uagb-timeline__arrow-center uagb-timeline\">\n<article class=\"wp-block-uagb-content-timeline-child uagb-timeline__field uagb-timeline-child-2b7f1e0c uagb-timeline__right\"><div class=\"uagb-timeline__marker out-view-uagb-timeline__icon\"><svg xmlns=\"https:\/\/www.w3.org\/2000\/svg\" viewbox=\"0 0 512 512\"><path d=\"M512 165.4c0 127.9-70.05 235.3-175.3 270.1c-20.04 7.938-41.83 12.46-64.69 12.46c-64.9 0-125.2-36.51-155.7-94.47c-54.13 49.93-68.71 107-68.96 108.1C44.72 472.6 34.87 480 24.02 480c-1.844 0-3.727-.2187-5.602-.6562c-12.89-3.098-20.84-16.08-17.75-28.96c9.598-39.5 90.47-226.4 335.3-226.4C344.8 224 352 216.8 352 208S344.8 192 336 192C228.6 192 151 226.6 96.29 267.6c.1934-10.82 1.242-21.84 3.535-33.05c13.47-65.81 66.04-119 131.4-134.2c28.33-6.562 55.68-6.013 80.93-.0054c56 13.32 118.2-7.412 149.3-61.24c5.664-9.828 20.02-9.516 24.66 .8282C502.7 76.76 512 121.9 512 165.4z\"><\/path><\/svg><\/div><div class=\"uagb-timeline__day-new uagb-timeline__day-right uagb-timeline__events-inner-new\"><div class=\"uagb-timeline__events-inner--content\"><div class=\"uagb-timeline__date-hide uagb-timeline__inner-date-new\">2007<\/div><p class=\"uagb-timeline__heading\">Cestas <\/p><p class=\"uagb-timeline-desc-content\">Alejandro comienza a llevar fruta y verdura ecol\u00f3gica a domicilios.<\/p><div class=\"uagb-timeline__arrow\"><\/div><\/div><\/div><div class=\"uagb-timeline__date-new\">2007<\/div><\/article>\n\n\n\n<article class=\"wp-block-uagb-content-timeline-child uagb-timeline__field uagb-timeline-child-b285eac5 uagb-timeline__left\"><div class=\"uagb-timeline__marker out-view-uagb-timeline__icon\"><svg xmlns=\"https:\/\/www.w3.org\/2000\/svg\" viewbox=\"0 0 512 512\"><path d=\"M512 165.4c0 127.9-70.05 235.3-175.3 270.1c-20.04 7.938-41.83 12.46-64.69 12.46c-64.9 0-125.2-36.51-155.7-94.47c-54.13 49.93-68.71 107-68.96 108.1C44.72 472.6 34.87 480 24.02 480c-1.844 0-3.727-.2187-5.602-.6562c-12.89-3.098-20.84-16.08-17.75-28.96c9.598-39.5 90.47-226.4 335.3-226.4C344.8 224 352 216.8 352 208S344.8 192 336 192C228.6 192 151 226.6 96.29 267.6c.1934-10.82 1.242-21.84 3.535-33.05c13.47-65.81 66.04-119 131.4-134.2c28.33-6.562 55.68-6.013 80.93-.0054c56 13.32 118.2-7.412 149.3-61.24c5.664-9.828 20.02-9.516 24.66 .8282C502.7 76.76 512 121.9 512 165.4z\"><\/path><\/svg><\/div><div class=\"uagb-timeline__day-new uagb-timeline__day-left uagb-timeline__events-inner-new\"><div class=\"uagb-timeline__events-inner--content\"><div class=\"uagb-timeline__date-hide uagb-timeline__inner-date-new\">2011<\/div><p class=\"uagb-timeline__heading\">Comedores<\/p><p class=\"uagb-timeline-desc-content\">Servimos alimentos ecol\u00f3gicos en seis escuelas de Barcelona.<\/p><div class=\"uagb-timeline__arrow\"><\/div><\/div><\/div><div class=\"uagb-timeline__date-new\">2011<\/div><\/article>\n\n\n\n<article class=\"wp-block-uagb-content-timeline-child uagb-timeline__field uagb-timeline-child-eb293ffe uagb-timeline__right\"><div class=\"uagb-timeline__marker out-view-uagb-timeline__icon\"><svg xmlns=\"https:\/\/www.w3.org\/2000\/svg\" viewbox=\"0 0 512 512\"><path d=\"M512 165.4c0 127.9-70.05 235.3-175.3 270.1c-20.04 7.938-41.83 12.46-64.69 12.46c-64.9 0-125.2-36.51-155.7-94.47c-54.13 49.93-68.71 107-68.96 108.1C44.72 472.6 34.87 480 24.02 480c-1.844 0-3.727-.2187-5.602-.6562c-12.89-3.098-20.84-16.08-17.75-28.96c9.598-39.5 90.47-226.4 335.3-226.4C344.8 224 352 216.8 352 208S344.8 192 336 192C228.6 192 151 226.6 96.29 267.6c.1934-10.82 1.242-21.84 3.535-33.05c13.47-65.81 66.04-119 131.4-134.2c28.33-6.562 55.68-6.013 80.93-.0054c56 13.32 118.2-7.412 149.3-61.24c5.664-9.828 20.02-9.516 24.66 .8282C502.7 76.76 512 121.9 512 165.4z\"><\/path><\/svg><\/div><div class=\"uagb-timeline__day-new uagb-timeline__day-right uagb-timeline__events-inner-new\"><div class=\"uagb-timeline__events-inner--content\"><div class=\"uagb-timeline__date-hide uagb-timeline__inner-date-new\">2014<\/div><p class=\"uagb-timeline__heading\">Cultivos<\/p><p class=\"uagb-timeline-desc-content\">Planificamos los primeros cultivos con los productores.<\/p><div class=\"uagb-timeline__arrow\"><\/div><\/div><\/div><div class=\"uagb-timeline__date-new\">2014<\/div><\/article>\n\n\n\n<article class=\"wp-block-uagb-content-timeline-child uagb-timeline__field uagb-timeline-child-2b955e9c uagb-timeline__left\"><div class=\"uagb-timeline__marker out-view-uagb-timeline__icon\"><svg xmlns=\"https:\/\/www.w3.org\/2000\/svg\" viewbox=\"0 0 512 512\"><path d=\"M512 165.4c0 127.9-70.05 235.3-175.3 270.1c-20.04 7.938-41.83 12.46-64.69 12.46c-64.9 0-125.2-36.51-155.7-94.47c-54.13 49.93-68.71 107-68.96 108.1C44.72 472.6 34.87 480 24.02 480c-1.844 0-3.727-.2187-5.602-.6562c-12.89-3.098-20.84-16.08-17.75-28.96c9.598-39.5 90.47-226.4 335.3-226.4C344.8 224 352 216.8 352 208S344.8 192 336 192C228.6 192 151 226.6 96.29 267.6c.1934-10.82 1.242-21.84 3.535-33.05c13.47-65.81 66.04-119 131.4-134.2c28.33-6.562 55.68-6.013 80.93-.0054c56 13.32 118.2-7.412 149.3-61.24c5.664-9.828 20.02-9.516 24.66 .8282C502.7 76.76 512 121.9 512 165.4z\"><\/path><\/svg><\/div><div class=\"uagb-timeline__day-new uagb-timeline__day-left uagb-timeline__events-inner-new\"><div class=\"uagb-timeline__events-inner--content\"><div class=\"uagb-timeline__date-hide uagb-timeline__inner-date-new\">2020<\/div><p class=\"uagb-timeline__heading\">COVID-19<\/p><p class=\"uagb-timeline-desc-content\">Cierran las escuelas y nos quedamos sin trabajo\u2026pero nos reinventamos por nosotros y los campesinos.<\/p><div class=\"uagb-timeline__arrow\"><\/div><\/div><\/div><div class=\"uagb-timeline__date-new\">2020<\/div><\/article>\n\n\n\n<article class=\"wp-block-uagb-content-timeline-child uagb-timeline__field uagb-timeline-child-8b1ed04c uagb-timeline__right\"><div class=\"uagb-timeline__marker out-view-uagb-timeline__icon\"><svg xmlns=\"https:\/\/www.w3.org\/2000\/svg\" viewbox=\"0 0 512 512\"><path d=\"M512 165.4c0 127.9-70.05 235.3-175.3 270.1c-20.04 7.938-41.83 12.46-64.69 12.46c-64.9 0-125.2-36.51-155.7-94.47c-54.13 49.93-68.71 107-68.96 108.1C44.72 472.6 34.87 480 24.02 480c-1.844 0-3.727-.2187-5.602-.6562c-12.89-3.098-20.84-16.08-17.75-28.96c9.598-39.5 90.47-226.4 335.3-226.4C344.8 224 352 216.8 352 208S344.8 192 336 192C228.6 192 151 226.6 96.29 267.6c.1934-10.82 1.242-21.84 3.535-33.05c13.47-65.81 66.04-119 131.4-134.2c28.33-6.562 55.68-6.013 80.93-.0054c56 13.32 118.2-7.412 149.3-61.24c5.664-9.828 20.02-9.516 24.66 .8282C502.7 76.76 512 121.9 512 165.4z\"><\/path><\/svg><\/div><div class=\"uagb-timeline__day-new uagb-timeline__day-right uagb-timeline__events-inner-new\"><div class=\"uagb-timeline__events-inner--content\"><div class=\"uagb-timeline__date-hide uagb-timeline__inner-date-new\">2020<\/div><p class=\"uagb-timeline__heading\">Tienda Online<\/p><p class=\"uagb-timeline-desc-content\">Abrimos ecodaqui.org para dar salida a los productos de los campesinos que se hab\u00edan comprometido con nosotros. <\/p><div class=\"uagb-timeline__arrow\"><\/div><\/div><\/div><div class=\"uagb-timeline__date-new\">2020<\/div><\/article>\n\n\n\n<article class=\"wp-block-uagb-content-timeline-child uagb-timeline__field uagb-timeline-child-b89658c2 uagb-timeline__left\"><div class=\"uagb-timeline__marker out-view-uagb-timeline__icon\"><svg xmlns=\"https:\/\/www.w3.org\/2000\/svg\" viewbox=\"0 0 512 512\"><path d=\"M512 165.4c0 127.9-70.05 235.3-175.3 270.1c-20.04 7.938-41.83 12.46-64.69 12.46c-64.9 0-125.2-36.51-155.7-94.47c-54.13 49.93-68.71 107-68.96 108.1C44.72 472.6 34.87 480 24.02 480c-1.844 0-3.727-.2187-5.602-.6562c-12.89-3.098-20.84-16.08-17.75-28.96c9.598-39.5 90.47-226.4 335.3-226.4C344.8 224 352 216.8 352 208S344.8 192 336 192C228.6 192 151 226.6 96.29 267.6c.1934-10.82 1.242-21.84 3.535-33.05c13.47-65.81 66.04-119 131.4-134.2c28.33-6.562 55.68-6.013 80.93-.0054c56 13.32 118.2-7.412 149.3-61.24c5.664-9.828 20.02-9.516 24.66 .8282C502.7 76.76 512 121.9 512 165.4z\"><\/path><\/svg><\/div><div class=\"uagb-timeline__day-new uagb-timeline__day-left uagb-timeline__events-inner-new\"><div class=\"uagb-timeline__events-inner--content\"><div class=\"uagb-timeline__date-hide uagb-timeline__inner-date-new\">2021<\/div><p class=\"uagb-timeline__heading\">Abrimos tienda en Gr\u00e0cia<\/p><p class=\"uagb-timeline-desc-content\">El p\u00fablico de Barcelona tambi\u00e9n quiere ser agroecol\u00f3gico y abrimos una tienda en la Pla\u00e7a del Diamant.<br><\/p><div class=\"uagb-timeline__arrow\"><\/div><\/div><\/div><div class=\"uagb-timeline__date-new\">2021<\/div><\/article>\n\n\n\n<article class=\"wp-block-uagb-content-timeline-child uagb-timeline__field uagb-timeline-child-659fe36c uagb-timeline__right\"><div class=\"uagb-timeline__marker out-view-uagb-timeline__icon\"><svg xmlns=\"https:\/\/www.w3.org\/2000\/svg\" viewbox=\"0 0 512 512\"><path d=\"M512 165.4c0 127.9-70.05 235.3-175.3 270.1c-20.04 7.938-41.83 12.46-64.69 12.46c-64.9 0-125.2-36.51-155.7-94.47c-54.13 49.93-68.71 107-68.96 108.1C44.72 472.6 34.87 480 24.02 480c-1.844 0-3.727-.2187-5.602-.6562c-12.89-3.098-20.84-16.08-17.75-28.96c9.598-39.5 90.47-226.4 335.3-226.4C344.8 224 352 216.8 352 208S344.8 192 336 192C228.6 192 151 226.6 96.29 267.6c.1934-10.82 1.242-21.84 3.535-33.05c13.47-65.81 66.04-119 131.4-134.2c28.33-6.562 55.68-6.013 80.93-.0054c56 13.32 118.2-7.412 149.3-61.24c5.664-9.828 20.02-9.516 24.66 .8282C502.7 76.76 512 121.9 512 165.4z\"><\/path><\/svg><\/div><div class=\"uagb-timeline__day-new uagb-timeline__day-right uagb-timeline__events-inner-new\"><div class=\"uagb-timeline__events-inner--content\"><div class=\"uagb-timeline__date-hide uagb-timeline__inner-date-new\">2022<\/div><p class=\"uagb-timeline__heading\">Celebramos 15 a\u00f1os<\/p><p class=\"uagb-timeline-desc-content\">Cumplimos 15 a\u00f1os con la satisfacci\u00f3n de haber servido a m\u00e1s de 100 escuelas.<\/p><div class=\"uagb-timeline__arrow\"><\/div><\/div><\/div><div class=\"uagb-timeline__date-new\">2022<\/div><\/article>\n\n\n\n<article class=\"wp-block-uagb-content-timeline-child uagb-timeline__field uagb-timeline-child-f306f0c0 uagb-timeline__left\"><div class=\"uagb-timeline__marker out-view-uagb-timeline__icon\"><svg xmlns=\"https:\/\/www.w3.org\/2000\/svg\" viewbox=\"0 0 512 512\"><path d=\"M512 165.4c0 127.9-70.05 235.3-175.3 270.1c-20.04 7.938-41.83 12.46-64.69 12.46c-64.9 0-125.2-36.51-155.7-94.47c-54.13 49.93-68.71 107-68.96 108.1C44.72 472.6 34.87 480 24.02 480c-1.844 0-3.727-.2187-5.602-.6562c-12.89-3.098-20.84-16.08-17.75-28.96c9.598-39.5 90.47-226.4 335.3-226.4C344.8 224 352 216.8 352 208S344.8 192 336 192C228.6 192 151 226.6 96.29 267.6c.1934-10.82 1.242-21.84 3.535-33.05c13.47-65.81 66.04-119 131.4-134.2c28.33-6.562 55.68-6.013 80.93-.0054c56 13.32 118.2-7.412 149.3-61.24c5.664-9.828 20.02-9.516 24.66 .8282C502.7 76.76 512 121.9 512 165.4z\"><\/path><\/svg><\/div><div class=\"uagb-timeline__day-new uagb-timeline__day-left uagb-timeline__events-inner-new\"><div class=\"uagb-timeline__events-inner--content\"><div class=\"uagb-timeline__date-hide uagb-timeline__inner-date-new\">2024<\/div><p class=\"uagb-timeline__heading\">Nace Ecolog\u00edstico<\/p><p class=\"uagb-timeline-desc-content\">Creamos una plataforma log\u00edstica.<\/p><div class=\"uagb-timeline__arrow\"><\/div><\/div><\/div><div class=\"uagb-timeline__date-new\">2024<\/div><\/article>\n<div class=\"uagb-timeline__line\"><div class=\"uagb-timeline__line__inner\"><\/div><\/div><\/div>\n<\/div><\/div>\n\n\n\n<div class=\"wp-block-uagb-container uagb-layout-flex uagb-block-189c9124 alignfull uagb-is-root-container\"><div class=\"uagb-container-inner-blocks-wrap\">\n<div class=\"wp-block-uagb-container uagb-block-e624932c alignfull uagb-is-root-container\"><div class=\"uagb-container-inner-blocks-wrap\">\n<div class=\"wp-block-uagb-advanced-heading uagb-block-6b85b6ea\"><p class=\"uagb-heading-text\">EL EQUIPO DE ECOCENTRAL<\/p><\/div>\n\n\n\n<div class=\"wp-block-uagb-container uagb-layout-grid uagb-block-70ecac13\">\n<div class=\"wp-block-uagb-container uagb-block-d01ad049\">\n<div class=\"wp-block-uagb-advanced-heading uagb-block-bdd3770d\"><p class=\"uagb-heading-text\"><strong>ALEJANDRO GUZM\u00c1N<\/strong><\/p><p class=\"uagb-desc-text\">De Estrella Michelin a emprendedor ecol\u00f3gico<\/p><\/div>\n\n\n\n<div class=\"wp-block-uagb-advanced-heading uagb-block-eb9d91d9\"><p class=\"uagb-heading-text\">El alma y promotor de este proyecto es el\u2019<strong>Alejandro Guzm\u00e1n Ojeda<\/strong>. Hace m\u00e1s de quince a\u00f1os, Alejandro era cocinero con una estrella Michelin y decidi\u00f3 por convencimiento moral llegar al\u2019<strong>ra\u00edz de la cadena alimentaria<\/strong>: el producto.<br><\/p><\/div>\n\n\n\n<div class=\"wp-block-uagb-advanced-heading uagb-block-523139a7\"><p class=\"uagb-heading-text\">Desde 2007, el proyecto Eco de Aqu\u00ed del Alejandro conecta a los peque\u00f1os productores de agricultura ecol\u00f3gica con los comedores escolares. <\/p><\/div>\n<\/div>\n\n\n\n<div class=\"wp-block-group is-content-justification-right is-nowrap is-layout-flex wp-container-core-group-is-layout-17124a9a wp-block-group-is-layout-flex\">\n<div class=\"wp-block-uagb-container uagb-block-28b15af5\"><\/div>\n<\/div>\n<\/div>\n<\/div><\/div>\n\n\n\n<div class=\"wp-block-uagb-container equip-ecocentral uagb-layout-grid uagb-block-5e39bba9\">\n<div class=\"wp-block-uagb-container equip-ecocentral sense-marc uagb-layout-grid uagb-block-e037f07e\">\n<div class=\"wp-block-uagb-container uagb-layout-grid uagb-block-6d700dea\">\n<div class=\"wp-block-uagb-info-box uagb-block-ac8867de uagb-infobox__content-wrap  uagb-infobox-icon-above-title uagb-infobox-image-valign-top\"><div class=\"uagb-ifb-content\"><div class=\"uagb-ifb-image-content\"><img decoding=\"async\" src=\"https:\/\/ecocentral.cat\/wp-content\/uploads\/2026\/03\/Alejandro-Guzman-800x800-1.jpg\" alt=\"\" width=\"\" height=\"0\" loading=\"lazy\"\/><\/div><div class=\"uagb-ifb-title-wrap\"><h3 class=\"uagb-ifb-title\">Alejandro Guzm\u00e1n<\/h3><\/div><p class=\"uagb-ifb-desc\">Gerente<\/p><\/div><\/div>\n<\/div>\n\n\n\n<div class=\"wp-block-uagb-container uagb-layout-grid uagb-block-4e194548\">\n<div class=\"wp-block-uagb-info-box uagb-block-8ef23110 uagb-infobox__content-wrap  uagb-infobox-icon-above-title uagb-infobox-image-valign-top\"><div class=\"uagb-ifb-content\"><div class=\"uagb-ifb-image-content\"><img decoding=\"async\" src=\"https:\/\/ecocentral.cat\/wp-content\/uploads\/2026\/03\/Umberto-Catano-800x800-1.jpg\" alt=\"\" width=\"\" height=\"0\" loading=\"lazy\"\/><\/div><div class=\"uagb-ifb-title-wrap\"><h3 class=\"uagb-ifb-title\">Umberto Catamo<\/h3><\/div><p class=\"uagb-ifb-desc\">Ayudante gerencia<\/p><\/div><\/div>\n<\/div>\n\n\n\n<div class=\"wp-block-uagb-container uagb-layout-grid uagb-block-e57e7df0\">\n<div class=\"wp-block-uagb-info-box uagb-block-eb1f66d1 uagb-infobox__content-wrap  uagb-infobox-icon-above-title uagb-infobox-image-valign-top\"><div class=\"uagb-ifb-content\"><div class=\"uagb-ifb-image-content\"><img decoding=\"async\" src=\"https:\/\/ecocentral.cat\/wp-content\/uploads\/2026\/03\/Estefania-HEredia.jpg\" alt=\"\" width=\"\" height=\"0\" loading=\"lazy\"\/><\/div><div class=\"uagb-ifb-title-wrap\"><h3 class=\"uagb-ifb-title\">Estefan\u00eda Heredia<\/h3><\/div><p class=\"uagb-ifb-desc\">Administraci\u00f3n<\/p><\/div><\/div>\n<\/div>\n\n\n\n<div class=\"wp-block-uagb-container uagb-layout-grid uagb-block-e21f074e\">\n<div class=\"wp-block-uagb-info-box uagb-block-5f23b47e uagb-infobox__content-wrap  uagb-infobox-icon-above-title uagb-infobox-image-valign-top\"><div class=\"uagb-ifb-content\"><div class=\"uagb-ifb-image-content\"><img decoding=\"async\" src=\"https:\/\/ecocentral.cat\/wp-content\/uploads\/2026\/03\/Disseny-sense-titol-300x300.jpg\" alt=\"\" width=\"100\" height=\"100\" loading=\"lazy\"\/><\/div><div class=\"uagb-ifb-title-wrap\"><h3 class=\"uagb-ifb-title\">Josep M. Bort<\/h3><\/div><p class=\"uagb-ifb-desc\">Comercial<\/p><\/div><\/div>\n<\/div>\n\n\n\n<div class=\"wp-block-uagb-container uagb-layout-grid uagb-block-20daf46c\">\n<div class=\"wp-block-uagb-info-box uagb-block-bbe55b1d uagb-infobox__content-wrap  uagb-infobox-icon-above-title uagb-infobox-image-valign-top\"><div class=\"uagb-ifb-content\"><div class=\"uagb-ifb-image-content\"><img decoding=\"async\" src=\"https:\/\/ecocentral.cat\/wp-content\/uploads\/2026\/03\/David-Antunez-300x300.jpg\" alt=\"\" width=\"100\" height=\"100\" loading=\"lazy\"\/><\/div><div class=\"uagb-ifb-title-wrap\"><h3 class=\"uagb-ifb-title\">David Ant\u00fa\u00f1ez<\/h3><\/div><p class=\"uagb-ifb-desc\">Antenci\u00f3n al cliente<\/p><\/div><\/div>\n<\/div>\n\n\n\n<div class=\"wp-block-uagb-container uagb-layout-grid uagb-block-0cf51ca0\">\n<div class=\"wp-block-uagb-info-box uagb-block-9d4d5cc8 uagb-infobox__content-wrap  uagb-infobox-icon-above-title uagb-infobox-image-valign-top\"><div class=\"uagb-ifb-content\"><div class=\"uagb-ifb-image-content\"><img decoding=\"async\" src=\"https:\/\/ecocentral.cat\/wp-content\/uploads\/2026\/03\/Juan-Alfonso-Dupin-300x300.jpg\" alt=\"\" width=\"100\" height=\"100\" loading=\"lazy\"\/><\/div><div class=\"uagb-ifb-title-wrap\"><h3 class=\"uagb-ifb-title\">Juan A. Dupin<\/h3><\/div><p class=\"uagb-ifb-desc\">Ventas<\/p><\/div><\/div>\n<\/div>\n\n\n\n<div class=\"wp-block-uagb-container uagb-layout-grid uagb-block-79b9c9c3\">\n<div class=\"wp-block-uagb-info-box uagb-block-bdba0a3e uagb-infobox__content-wrap  uagb-infobox-icon-above-title uagb-infobox-image-valign-top\"><div class=\"uagb-ifb-content\"><div class=\"uagb-ifb-image-content\"><img decoding=\"async\" src=\"https:\/\/ecocentral.cat\/wp-content\/uploads\/2026\/03\/Victor-Palacios-800x800-1-300x300.jpg\" alt=\"\" width=\"100\" height=\"100\" loading=\"lazy\"\/><\/div><div class=\"uagb-ifb-title-wrap\"><h3 class=\"uagb-ifb-title\">Victor Palacio<\/h3><\/div><p class=\"uagb-ifb-desc\">Finanzas<\/p><\/div><\/div>\n<\/div>\n\n\n\n<div class=\"wp-block-uagb-container uagb-layout-grid uagb-block-e161931f\">\n<div class=\"wp-block-uagb-info-box uagb-block-6eafbadb uagb-infobox__content-wrap  uagb-infobox-icon-above-title uagb-infobox-image-valign-top\"><div class=\"uagb-ifb-content\"><div class=\"uagb-ifb-image-content\"><img decoding=\"async\" src=\"https:\/\/ecocentral.cat\/wp-content\/uploads\/2026\/03\/luisa-300x300.jpg\" alt=\"\" width=\"100\" height=\"100\" loading=\"lazy\"\/><\/div><div class=\"uagb-ifb-title-wrap\"><h3 class=\"uagb-ifb-title\">Luisa Jim\u00e9nez<\/h3><\/div><p class=\"uagb-ifb-desc\">Contabilidad<\/p><\/div><\/div>\n<\/div>\n\n\n\n<div class=\"wp-block-uagb-container uagb-layout-grid uagb-block-54e14e2f\">\n<div class=\"wp-block-uagb-info-box uagb-block-4cf1b3b3 uagb-infobox__content-wrap  uagb-infobox-icon-above-title uagb-infobox-image-valign-top\"><div class=\"uagb-ifb-content\"><div class=\"uagb-ifb-image-content\"><img decoding=\"async\" src=\"https:\/\/ecocentral.cat\/wp-content\/uploads\/2026\/03\/Ariadna-300x300.jpg\" alt=\"\" width=\"100\" height=\"100\" loading=\"lazy\"\/><\/div><div class=\"uagb-ifb-title-wrap\"><h3 class=\"uagb-ifb-title\">Ariadna Oniku<\/h3><\/div><p class=\"uagb-ifb-desc\">Stock Fresco<\/p><\/div><\/div>\n<\/div>\n\n\n\n<div class=\"wp-block-uagb-container uagb-layout-grid uagb-block-6fe8f447\">\n<div class=\"wp-block-uagb-info-box uagb-block-828cd444 uagb-infobox__content-wrap  uagb-infobox-icon-above-title uagb-infobox-image-valign-top\"><div class=\"uagb-ifb-content\"><div class=\"uagb-ifb-image-content\"><img decoding=\"async\" src=\"https:\/\/ecocentral.cat\/wp-content\/uploads\/2026\/03\/Julia-Nogue-300x300.jpg\" alt=\"\" width=\"100\" height=\"100\" loading=\"lazy\"\/><\/div><div class=\"uagb-ifb-title-wrap\"><h3 class=\"uagb-ifb-title\">Julia Nogu\u00e9<\/h3><\/div><p class=\"uagb-ifb-desc\">Programaci\u00f3n<\/p><\/div><\/div>\n<\/div>\n\n\n\n<div class=\"wp-block-uagb-container uagb-layout-grid uagb-block-7d072171\">\n<div class=\"wp-block-uagb-info-box uagb-block-65f883b1 uagb-infobox__content-wrap  uagb-infobox-icon-above-title uagb-infobox-image-valign-top\"><div class=\"uagb-ifb-content\"><div class=\"uagb-ifb-image-content\"><img decoding=\"async\" src=\"https:\/\/ecocentral.cat\/wp-content\/uploads\/2026\/03\/Pamela-Caldas-300x300.jpg\" alt=\"\" width=\"100\" height=\"100\" loading=\"lazy\"\/><\/div><div class=\"uagb-ifb-title-wrap\"><h3 class=\"uagb-ifb-title\">Pamela Caldas<\/h3><\/div><p class=\"uagb-ifb-desc\">Recepci\u00f3n<\/p><\/div><\/div>\n<\/div>\n\n\n\n<div class=\"wp-block-uagb-container uagb-layout-grid uagb-block-620aee0f\">\n<div class=\"wp-block-uagb-info-box uagb-block-5effee35 uagb-infobox__content-wrap  uagb-infobox-icon-above-title uagb-infobox-image-valign-top\"><div class=\"uagb-ifb-content\"><div class=\"uagb-ifb-image-content\"><img decoding=\"async\" src=\"https:\/\/ecocentral.cat\/wp-content\/uploads\/2026\/03\/TEodoro-300x300.jpg\" alt=\"\" width=\"100\" height=\"100\" loading=\"lazy\"\/><\/div><div class=\"uagb-ifb-title-wrap\"><h3 class=\"uagb-ifb-title\">Teodoro Ram\u00edrez<\/h3><\/div><p class=\"uagb-ifb-desc\">Expediciones<\/p><\/div><\/div>\n<\/div>\n\n\n\n<div class=\"wp-block-uagb-container uagb-layout-grid uagb-block-5e3e5a69\">\n<div class=\"wp-block-uagb-info-box uagb-block-87ddd9bf uagb-infobox__content-wrap  uagb-infobox-icon-above-title uagb-infobox-image-valign-top\"><div class=\"uagb-ifb-content\"><div class=\"uagb-ifb-image-content\"><img decoding=\"async\" src=\"https:\/\/ecocentral.cat\/wp-content\/uploads\/2026\/03\/Bessy-300x300.jpg\" alt=\"\" width=\"100\" height=\"100\" loading=\"lazy\"\/><\/div><div class=\"uagb-ifb-title-wrap\"><h3 class=\"uagb-ifb-title\">Bessy M.Carvajal<\/h3><\/div><p class=\"uagb-ifb-desc\">Stock Fresco<\/p><\/div><\/div>\n<\/div>\n\n\n\n<div class=\"wp-block-uagb-container uagb-layout-grid uagb-block-dbcbd821\">\n<div class=\"wp-block-uagb-info-box uagb-block-500e52c9 uagb-infobox__content-wrap  uagb-infobox-icon-above-title uagb-infobox-image-valign-top\"><div class=\"uagb-ifb-content\"><div class=\"uagb-ifb-image-content\"><img decoding=\"async\" src=\"https:\/\/ecocentral.cat\/wp-content\/uploads\/2026\/03\/David-Lera-300x300.jpg\" alt=\"\" width=\"100\" height=\"100\" loading=\"lazy\"\/><\/div><div class=\"uagb-ifb-title-wrap\"><h3 class=\"uagb-ifb-title\">David Lera<\/h3><\/div><p class=\"uagb-ifb-desc\">Expediciones<\/p><\/div><\/div>\n<\/div>\n\n\n\n<div class=\"wp-block-uagb-container uagb-layout-grid uagb-block-2b1f3ca7\">\n<div class=\"wp-block-uagb-info-box uagb-block-cd7588cb uagb-infobox__content-wrap  uagb-infobox-icon-above-title uagb-infobox-image-valign-top\"><div class=\"uagb-ifb-content\"><div class=\"uagb-ifb-image-content\"><img decoding=\"async\" src=\"https:\/\/ecocentral.cat\/wp-content\/uploads\/2026\/03\/Tim-1-300x300.jpg\" alt=\"\" width=\"100\" height=\"100\" loading=\"lazy\"\/><\/div><div class=\"uagb-ifb-title-wrap\"><h3 class=\"uagb-ifb-title\">Tim Meyer<\/h3><\/div><p class=\"uagb-ifb-desc\">Almac\u00e9n<\/p><\/div><\/div>\n<\/div>\n\n\n\n<div class=\"wp-block-uagb-container uagb-layout-grid uagb-block-60eddec9\">\n<div class=\"wp-block-uagb-info-box uagb-block-04b20be2 uagb-infobox__content-wrap  uagb-infobox-icon-above-title uagb-infobox-image-valign-top\"><div class=\"uagb-ifb-content\"><div class=\"uagb-ifb-image-content\"><img decoding=\"async\" src=\"https:\/\/ecocentral.cat\/wp-content\/uploads\/2026\/03\/German-1-300x300.jpg\" alt=\"\" width=\"100\" height=\"100\" loading=\"lazy\"\/><\/div><div class=\"uagb-ifb-title-wrap\"><h3 class=\"uagb-ifb-title\">Germ\u00e1n Vizuete<\/h3><\/div><p class=\"uagb-ifb-desc\">Tr\u00e1fico y rutas<\/p><\/div><\/div>\n<\/div>\n\n\n\n<div class=\"wp-block-uagb-container uagb-layout-grid uagb-block-7adf3eb9\">\n<div class=\"wp-block-uagb-info-box uagb-block-d8bf14e5 uagb-infobox__content-wrap  uagb-infobox-icon-above-title uagb-infobox-image-valign-top\"><div class=\"uagb-ifb-content\"><div class=\"uagb-ifb-image-content\"><img decoding=\"async\" src=\"https:\/\/ecocentral.cat\/wp-content\/uploads\/2026\/03\/Isaac-300x300.jpg\" alt=\"\" width=\"100\" height=\"100\" loading=\"lazy\"\/><\/div><div class=\"uagb-ifb-title-wrap\"><h3 class=\"uagb-ifb-title\">Isaac Fern\u00e1ndez<\/h3><\/div><p class=\"uagb-ifb-desc\">Expediciones<\/p><\/div><\/div>\n<\/div>\n\n\n\n<div class=\"wp-block-uagb-container uagb-layout-grid uagb-block-4a0b4e7c\">\n<div class=\"wp-block-uagb-info-box uagb-block-3b96ce82 uagb-infobox__content-wrap  uagb-infobox-icon-above-title uagb-infobox-image-valign-top\"><div class=\"uagb-ifb-content\"><div class=\"uagb-ifb-image-content\"><img decoding=\"async\" src=\"https:\/\/ecocentral.cat\/wp-content\/uploads\/2026\/03\/Jordi-del-aguila-300x300.jpg\" alt=\"\" width=\"100\" height=\"100\" loading=\"lazy\"\/><\/div><div class=\"uagb-ifb-title-wrap\"><h3 class=\"uagb-ifb-title\">Jordi Del Aguila<\/h3><\/div><p class=\"uagb-ifb-desc\">Tr\u00e1fico y rutas<\/p><\/div><\/div>\n<\/div>\n\n\n\n<div class=\"wp-block-uagb-container uagb-layout-grid uagb-block-ecd540c7\">\n<div class=\"wp-block-uagb-info-box uagb-block-d7ab88cf uagb-infobox__content-wrap  uagb-infobox-icon-above-title uagb-infobox-image-valign-top\"><div class=\"uagb-ifb-content\"><div class=\"uagb-ifb-image-content\"><img decoding=\"async\" src=\"https:\/\/ecocentral.cat\/wp-content\/uploads\/2026\/03\/Victor-300x300.jpg\" alt=\"\" width=\"100\" height=\"100\" loading=\"lazy\"\/><\/div><div class=\"uagb-ifb-title-wrap\"><h3 class=\"uagb-ifb-title\">V\u00edctor Serrano<\/h3><\/div><p class=\"uagb-ifb-desc\">Tr\u00e1fico y rutas<\/p><\/div><\/div>\n<\/div>\n\n\n\n<div class=\"wp-block-uagb-container uagb-layout-grid uagb-block-9813d209\">\n<div class=\"wp-block-uagb-info-box uagb-block-843dcedc uagb-infobox__content-wrap  uagb-infobox-icon-above-title uagb-infobox-image-valign-top\"><div class=\"uagb-ifb-content\"><div class=\"uagb-ifb-image-content\"><img decoding=\"async\" src=\"https:\/\/ecocentral.cat\/wp-content\/uploads\/2026\/03\/Oscar-1-300x300.jpg\" alt=\"\" width=\"100\" height=\"100\" loading=\"lazy\"\/><\/div><div class=\"uagb-ifb-title-wrap\"><h3 class=\"uagb-ifb-title\">\u00d3scar El\u00edas<\/h3><\/div><p class=\"uagb-ifb-desc\">Tr\u00e1fico y rutas<\/p><\/div><\/div>\n<\/div>\n\n\n\n<div class=\"wp-block-uagb-container uagb-layout-grid uagb-block-3c0e64ae\">\n<div class=\"wp-block-uagb-info-box uagb-block-9bc38660 uagb-infobox__content-wrap  uagb-infobox-icon-above-title uagb-infobox-image-valign-top\"><div class=\"uagb-ifb-content\"><div class=\"uagb-ifb-image-content\"><img decoding=\"async\" src=\"https:\/\/ecocentral.cat\/wp-content\/uploads\/2026\/03\/Oscar-Zamora-300x300.jpg\" alt=\"\" width=\"100\" height=\"100\" loading=\"lazy\"\/><\/div><div class=\"uagb-ifb-title-wrap\"><h3 class=\"uagb-ifb-title\">\u00d3scar Zamora<\/h3><\/div><p class=\"uagb-ifb-desc\">Tr\u00e1fico y rutas<\/p><\/div><\/div>\n<\/div>\n\n\n\n<div class=\"wp-block-uagb-container uagb-layout-grid uagb-block-50206f8e\">\n<div class=\"wp-block-uagb-info-box uagb-block-0f60aedc uagb-infobox__content-wrap  uagb-infobox-icon-above-title uagb-infobox-image-valign-top\"><div class=\"uagb-ifb-content\"><div class=\"uagb-ifb-image-content\"><img decoding=\"async\" src=\"https:\/\/ecocentral.cat\/wp-content\/uploads\/2026\/03\/Leonardo-300x300.jpg\" alt=\"\" width=\"100\" height=\"100\" loading=\"lazy\"\/><\/div><div class=\"uagb-ifb-title-wrap\"><h3 class=\"uagb-ifb-title\">Leonardo Tupiza<\/h3><\/div><p class=\"uagb-ifb-desc\">Tr\u00e1fico y rutas<\/p><\/div><\/div>\n<\/div>\n\n\n\n<div class=\"wp-block-uagb-container uagb-layout-grid uagb-block-ae9f2382\">\n<div class=\"wp-block-uagb-info-box uagb-block-c9389a93 uagb-infobox__content-wrap  uagb-infobox-icon-above-title uagb-infobox-image-valign-top\"><div class=\"uagb-ifb-content\"><div class=\"uagb-ifb-image-content\"><img decoding=\"async\" src=\"https:\/\/ecocentral.cat\/wp-content\/uploads\/2026\/03\/Jorge-300x300.jpg\" alt=\"\" width=\"100\" height=\"100\" loading=\"lazy\"\/><\/div><div class=\"uagb-ifb-title-wrap\"><h3 class=\"uagb-ifb-title\">Jorge Gangas<\/h3><\/div><p class=\"uagb-ifb-desc\">Tienda<\/p><\/div><\/div>\n<\/div>\n\n\n\n<div class=\"wp-block-uagb-container uagb-layout-grid uagb-block-a2e44895\">\n<div class=\"wp-block-uagb-info-box uagb-block-cf6416e4 uagb-infobox__content-wrap  uagb-infobox-icon-above-title uagb-infobox-image-valign-top\"><div class=\"uagb-ifb-content\"><div class=\"uagb-ifb-image-content\"><img decoding=\"async\" src=\"https:\/\/ecocentral.cat\/wp-content\/uploads\/2026\/03\/Laura-300x300.jpg\" alt=\"\" width=\"100\" height=\"100\" loading=\"lazy\"\/><\/div><div class=\"uagb-ifb-title-wrap\"><h3 class=\"uagb-ifb-title\">Laura Miralles<\/h3><\/div><p class=\"uagb-ifb-desc\">Tienda<\/p><\/div><\/div>\n<\/div>\n\n\n\n<div class=\"wp-block-uagb-container uagb-layout-grid uagb-block-1dc2a39d\">\n<div class=\"wp-block-uagb-info-box uagb-block-affb0f94 uagb-infobox__content-wrap  uagb-infobox-icon-above-title uagb-infobox-image-valign-top\"><div class=\"uagb-ifb-content\"><div class=\"uagb-ifb-image-content\"><img decoding=\"async\" src=\"https:\/\/ecocentral.cat\/wp-content\/uploads\/2026\/03\/jose-navarro-2-300x300.jpg\" alt=\"\" width=\"100\" height=\"100\" loading=\"lazy\"\/><\/div><div class=\"uagb-ifb-title-wrap\"><h3 class=\"uagb-ifb-title\">Jos\u00e9 Navarro<\/h3><\/div><p class=\"uagb-ifb-desc\">In Memoriam<\/p><\/div><\/div>\n<\/div>\n<\/div>\n<\/div>\n<\/div><\/div>\n\n\n\n<div class=\"wp-block-uagb-container uag-hide-mob uagb-block-3e66df49 alignfull uagb-is-root-container\"><div class=\"uagb-container-inner-blocks-wrap\">\n<div class=\"wp-block-uagb-container uag-hide-mob uagb-block-dd080ac3 default uagb-is-root-container\"><\/div>\n<\/div><\/div>\n\n\n\n<div class=\"wp-block-uagb-container uagb-block-bebd8cea alignfull uagb-is-root-container\"><div class=\"uagb-container-inner-blocks-wrap\">\n<div class=\"wp-block-uagb-container uagb-block-c55dedb2\">\n<div class=\"wp-block-uagb-advanced-heading uagb-block-ebc337dc\" id=\"els-preus-pactats\"><h2 class=\"uagb-heading-text\">Los PRECIOS PACTADOS<\/h2><\/div>\n<\/div>\n<\/div><\/div>\n\n\n\n<div class=\"wp-block-uagb-container uagb-block-301b7998 alignfull uagb-is-root-container\"><div class=\"uagb-container-inner-blocks-wrap\">\n<div class=\"wp-block-uagb-container uagb-layout-grid uagb-block-9c799872\">\n<div class=\"wp-block-uagb-container uagb-block-3d1333aa\">\n<div class=\"wp-block-uagb-advanced-heading uagb-block-4eb23333\"><p class=\"uagb-heading-text\">Cada a\u00f1o, alrededor de abril-mayo, reunimos agricultores y gestoras de comedores escolares ecol\u00f3gicos para pactar los precios del siguiente curso. Es una jornada de trabajo en la que tambi\u00e9n se promueve la fraternidad entre clientes y proveedores.<\/p><\/div>\n\n\n\n<div class=\"wp-block-uagb-advanced-heading uagb-block-248a07ae\"><p class=\"uagb-heading-text\">A partir de los precios pactados, de los consumos reales del curso anterior y de una encuesta a los productores sobre las disponibilidades, se planifican los cultivos para el siguiente curso. Asignamos la previsi\u00f3n de consumos de las escuelas a los campesinos atendiendo a varios criterios:<\/p><\/div>\n\n\n\n<div class=\"wp-block-uagb-advanced-heading uagb-block-fc67cc96\"><p class=\"uagb-heading-text\">\u2022 Cumplimiento de la planificaci\u00f3n del a\u00f1o anterior.<br>\u2022 Capacidad de producci\u00f3n de los campesinos.<br>\u2022 Localizaci\u00f3n geogr\u00e1fica escuela\/productor.<br>\u2022 Equidad en la distribuci\u00f3n del importe total asignado a cada productor.<\/p><\/div>\n<\/div>\n\n\n\n<div class=\"wp-block-group is-nowrap is-layout-flex wp-container-core-group-is-layout-6c531013 wp-block-group-is-layout-flex\">\n<div class=\"wp-block-uagb-container uagb-block-e12c7868\"><\/div>\n<\/div>\n<\/div>\n<\/div><\/div>\n\n\n\n<div class=\"wp-block-uagb-container uagb-block-08fec573 alignfull uagb-is-root-container\"><div class=\"uagb-container-inner-blocks-wrap\">\n<div class=\"wp-block-uagb-container uagb-block-36614367 alignwide uagb-is-root-container\">\n<div class=\"wp-block-uagb-buttons uagb-buttons__outer-wrap uagb-btn__medium-btn uagb-btn-tablet__default-btn uagb-btn-mobile__default-btn uagb-block-d1fa929f\"><div class=\"uagb-buttons__wrap uagb-buttons-layout-wrap\">\n<div class=\"wp-block-uagb-buttons-child uagb-buttons__outer-wrap uagb-block-b76caef1 wp-block-button\"><div class=\"uagb-button__wrapper\"><a class=\"uagb-buttons-repeater wp-block-button__link\" aria-label=\"\" href=\"https:\/\/ecocentral.cat\/wp-content\/uploads\/2026\/03\/PREUS-PACTATS_ECOCENTRAL-Setmana-2025_web.pdf\" rel=\"follow noopener\" target=\"_self\" role=\"button\"><div class=\"uagb-button__link\">DESCARGA LOS PRECIOS PACTADOS<\/div><span class=\"uagb-button__icon uagb-button__icon-position-after\"><svg xmlns=\"https:\/\/www.w3.org\/2000\/svg\" viewbox=\"0 0 384 512\" aria-hidden=\"true\" focussable=\"false\"><path d=\"M374.6 310.6l-160 160C208.4 476.9 200.2 480 192 480s-16.38-3.125-22.62-9.375l-160-160c-12.5-12.5-12.5-32.75 0-45.25s32.75-12.5 45.25 0L160 370.8V64c0-17.69 14.33-31.1 31.1-31.1S224 46.31 224 64v306.8l105.4-105.4c12.5-12.5 32.75-12.5 45.25 0S387.1 298.1 374.6 310.6z\"><\/path><\/svg><\/span><\/a><\/div><\/div>\n<\/div><\/div>\n<\/div>\n<\/div><\/div>\n\n\n\n<div class=\"wp-block-uagb-container uagb-block-8d010efa alignfull uagb-is-root-container\"><div class=\"uagb-container-inner-blocks-wrap\">\n<div class=\"wp-block-uagb-container uagb-block-2b177788 alignwide uagb-is-root-container\">\n<div class=\"wp-block-uagb-advanced-heading uagb-block-397eb4c0\"><p class=\"uagb-heading-text\">La edici\u00f3n de 2025 (para el curso 2025\/2026) la hicimos en la Mas\u00eda Can Comas.<\/p><\/div>\n<\/div>\n<\/div><\/div>\n\n\n\n<div class=\"wp-block-uagb-container uagb-block-67137f36 alignfull uagb-is-root-container\"><div class=\"uagb-container-inner-blocks-wrap\">\n<figure class=\"wp-block-embed is-type-video is-provider-youtube wp-block-embed-youtube wp-embed-aspect-16-9 wp-has-aspect-ratio\"><div class=\"wp-block-embed__wrapper\">\n<iframe loading=\"lazy\" title=\"El pacto de precios de Ecocentral 2025\" width=\"500\" height=\"281\" src=\"https:\/\/www.youtube.com\/embed\/AEa_gzLr-Ok?feature=oembed\" frameborder=\"0\" allow=\"accelerometer; autoplay; clipboard-write; encrypted-media; gyroscope; picture-in-picture; web-share\" referrerpolicy=\"strict-origin-when-cross-origin\" allowfullscreen><\/iframe>\n<\/div><\/figure>\n<\/div><\/div>","protected":false},"excerpt":{"rendered":"<p>PORTEM L&#8217;ECOLOGIA A LES ESCOLES Un projecteecol\u00f2gicper convenciment El motor del nostre moviment \u00e9s el benestar de les persones Coneix [&hellip;]<\/p>","protected":false},"author":1,"featured_media":6309,"parent":0,"menu_order":0,"comment_status":"closed","ping_status":"closed","template":"","meta":{"_uag_custom_page_level_css":"","site-sidebar-layout":"default","site-content-layout":"","ast-site-content-layout":"default","site-content-style":"default","site-sidebar-style":"default","ast-global-header-display":"","ast-banner-title-visibility":"","ast-main-header-display":"","ast-hfb-above-header-display":"","ast-hfb-below-header-display":"","ast-hfb-mobile-header-display":"","site-post-title":"disabled","ast-breadcrumbs-content":"","ast-featured-img":"","footer-sml-layout":"","ast-disable-related-posts":"","theme-transparent-header-meta":"","adv-header-id-meta":"","stick-header-meta":"","header-above-stick-meta":"","header-main-stick-meta":"","header-below-stick-meta":"","astra-migrate-meta-layouts":"default","ast-page-background-enabled":"default","ast-page-background-meta":{"desktop":{"background-color":"var(--ast-global-color-5)","background-image":"","background-repeat":"repeat","background-position":"center center","background-size":"auto","background-attachment":"scroll","background-type":"","background-media":"","overlay-type":"","overlay-color":"","overlay-opacity":"","overlay-gradient":""},"tablet":{"background-color":"","background-image":"","background-repeat":"repeat","background-position":"center center","background-size":"auto","background-attachment":"scroll","background-type":"","background-media":"","overlay-type":"","overlay-color":"","overlay-opacity":"","overlay-gradient":""},"mobile":{"background-color":"","background-image":"","background-repeat":"repeat","background-position":"center center","background-size":"auto","background-attachment":"scroll","background-type":"","background-media":"","overlay-type":"","overlay-color":"","overlay-opacity":"","overlay-gradient":""}},"ast-content-background-meta":{"desktop":{"background-color":"var(--ast-global-color-4)","background-image":"","background-repeat":"repeat","background-position":"center center","background-size":"auto","background-attachment":"scroll","background-type":"","background-media":"","overlay-type":"","overlay-color":"","overlay-opacity":"","overlay-gradient":""},"tablet":{"background-color":"var(--ast-global-color-4)","background-image":"","background-repeat":"repeat","background-position":"center center","background-size":"auto","background-attachment":"scroll","background-type":"","background-media":"","overlay-type":"","overlay-color":"","overlay-opacity":"","overlay-gradient":""},"mobile":{"background-color":"var(--ast-global-color-4)","background-image":"","background-repeat":"repeat","background-position":"center center","background-size":"auto","background-attachment":"scroll","background-type":"","background-media":"","overlay-type":"","overlay-color":"","overlay-opacity":"","overlay-gradient":""}},"footnotes":""},"class_list":["post-423","page","type-page","status-publish","has-post-thumbnail","hentry"],"uagb_featured_image_src":{"full":["https:\/\/ecocentral.cat\/wp-content\/uploads\/2026\/04\/projecte-ecocentral-1.jpg",1600,900,false],"thumbnail":["https:\/\/ecocentral.cat\/wp-content\/uploads\/2026\/04\/projecte-ecocentral-1-150x150.jpg",150,150,true],"medium":["https:\/\/ecocentral.cat\/wp-content\/uploads\/2026\/04\/projecte-ecocentral-1-300x169.jpg",300,169,true],"medium_large":["https:\/\/ecocentral.cat\/wp-content\/uploads\/2026\/04\/projecte-ecocentral-1-768x432.jpg",768,432,true],"large":["https:\/\/ecocentral.cat\/wp-content\/uploads\/2026\/04\/projecte-ecocentral-1-1024x576.jpg",1024,576,true],"1536x1536":["https:\/\/ecocentral.cat\/wp-content\/uploads\/2026\/04\/projecte-ecocentral-1-1536x864.jpg",1536,864,true],"2048x2048":["https:\/\/ecocentral.cat\/wp-content\/uploads\/2026\/04\/projecte-ecocentral-1.jpg",1600,900,false],"trp-custom-language-flag":["https:\/\/ecocentral.cat\/wp-content\/uploads\/2026\/04\/projecte-ecocentral-1-18x10.jpg",18,10,true]},"uagb_author_info":{"display_name":"orioricm@gmail.com","author_link":"https:\/\/ecocentral.cat\/es_es\/author\/orioricmgmail-com\/"},"uagb_comment_info":0,"uagb_excerpt":"PORTEM L&#8217;ECOLOGIA A LES ESCOLES Un projecteecol\u00f2gicper convenciment El motor del nostre moviment \u00e9s el benestar de les persones Coneix [&hellip;]","_links":{"self":[{"href":"https:\/\/ecocentral.cat\/es_es\/wp-json\/wp\/v2\/pages\/423","targetHints":{"allow":["GET"]}}],"collection":[{"href":"https:\/\/ecocentral.cat\/es_es\/wp-json\/wp\/v2\/pages"}],"about":[{"href":"https:\/\/ecocentral.cat\/es_es\/wp-json\/wp\/v2\/types\/page"}],"author":[{"embeddable":true,"href":"https:\/\/ecocentral.cat\/es_es\/wp-json\/wp\/v2\/users\/1"}],"replies":[{"embeddable":true,"href":"https:\/\/ecocentral.cat\/es_es\/wp-json\/wp\/v2\/comments?post=423"}],"version-history":[{"count":755,"href":"https:\/\/ecocentral.cat\/es_es\/wp-json\/wp\/v2\/pages\/423\/revisions"}],"predecessor-version":[{"id":6310,"href":"https:\/\/ecocentral.cat\/es_es\/wp-json\/wp\/v2\/pages\/423\/revisions\/6310"}],"wp:featuredmedia":[{"embeddable":true,"href":"https:\/\/ecocentral.cat\/es_es\/wp-json\/wp\/v2\/media\/6309"}],"wp:attachment":[{"href":"https:\/\/ecocentral.cat\/es_es\/wp-json\/wp\/v2\/media?parent=423"}],"curies":[{"name":"wp","href":"https:\/\/api.w.org\/{rel}","templated":true}]}}