{"id":480,"date":"2026-03-07T12:53:57","date_gmt":"2026-03-07T12:53:57","guid":{"rendered":"https:\/\/ecocentral.cat\/?page_id=480"},"modified":"2026-04-19T06:47:23","modified_gmt":"2026-04-19T06:47:23","slug":"con-quien","status":"publish","type":"page","link":"https:\/\/ecocentral.cat\/es_es\/amb-qui\/","title":{"rendered":"Con quien trabajamos en Econcentral"},"content":{"rendered":"<div class=\"wp-block-uagb-container uagb-block-874ffcd3 alignfull uagb-is-root-container\"><div class=\"uagb-container-inner-blocks-wrap\">\n<div class=\"wp-block-uagb-container uag-blocks-common-selector uagb-block-0400b19f\">\n<div class=\"wp-block-uagb-advanced-heading uagb-block-a1d9431c\"><h1 class=\"uagb-heading-text\"><strong>PRODUCTORES, GESTORAS, ESCUELAS<\/strong> Y AFAS<\/h1><\/div>\n\n\n\n<div class=\"wp-block-uagb-advanced-heading uagb-block-a3e34c4f titol-hero\"><p class=\"uagb-heading-text\">Los debes<br>conocer<\/p><\/div>\n\n\n\n<div class=\"wp-block-uagb-container uagb-layout-flex uagb-block-10dfce62\">\n<div class=\"wp-block-uagb-advanced-heading uagb-block-49272e4d\"><p class=\"uagb-heading-text\">Sin campesinos y productores, gestoras de comedor y las AFA no podr\u00edamos realizar nuestra peque\u00f1a revoluci\u00f3n<\/p><\/div>\n\n\n\n<div class=\"wp-block-uagb-buttons uagb-buttons__outer-wrap uagb-btn__large-btn uagb-btn-tablet__default-btn uagb-btn-mobile__default-btn uagb-block-c11ccc97\"><div class=\"uagb-buttons__wrap uagb-buttons-layout-wrap\">\n<div class=\"wp-block-uagb-buttons-child uagb-buttons__outer-wrap uagb-block-e7f89940 wp-block-button\"><div class=\"uagb-button__wrapper\"><a class=\"uagb-buttons-repeater wp-block-button__link\" aria-label=\"\" href=\"https:\/\/ecocentral.cat\/es_es\/#escola-eco\" rel=\"follow noopener\" target=\"_self\" role=\"button\"><div class=\"uagb-button__link\">Quiero ser una escuela ECO<\/div><\/a><\/div><\/div>\n\n\n\n<div class=\"wp-block-uagb-buttons-child uagb-buttons__outer-wrap uagb-block-af0465f4 wp-block-button\"><div class=\"uagb-button__wrapper\"><a class=\"uagb-buttons-repeater wp-block-button__link\" aria-label=\"\" href=\"https:\/\/ecocentral.cat\/es_es\/#soc-gestora\" rel=\"follow noopener\" target=\"_self\" role=\"button\"><div class=\"uagb-button__link\">soy una gestora<\/div><\/a><\/div><\/div>\n<\/div><\/div>\n<\/div>\n<\/div>\n<\/div><\/div>\n\n\n\n<div class=\"wp-block-uagb-advanced-heading uagb-block-546d7c47\"><p class=\"uagb-heading-text\">CONOCE NUESTROS PAGESOS Y PROVEEDORES<\/p><\/div>\n\n\n\n<div class=\"wp-block-uagb-container uagb-block-7fc7c530 alignfull uagb-is-root-container\"><div class=\"uagb-container-inner-blocks-wrap\">\n<div class=\"wp-block-uagb-advanced-heading uagb-block-60c86c43\"><p class=\"uagb-heading-text\">En Ecocentral queremos que conozca de cerca qui\u00e9n hay detr\u00e1s de cada fruta, verdura y producto que llega a su mesa.<\/p><\/div>\n\n\n\n<div class=\"wp-block-uagb-advanced-heading uagb-block-677deac9\"><p class=\"uagb-heading-text\">Por eso os presentamos, uno a uno, a nuestros campesinos y campesinas: personas con nombre y apellidos, con historias y proyectos propios, que comparten la misma pasi\u00f3n por la tierra y el compromiso con la agricultura ecol\u00f3gica.<\/p><\/div>\n<\/div><\/div>\n\n\n\n<div id=\"els-pagesos\" class=\"wp-block-uagb-container uagb-block-19f64285 alignfull uagb-is-root-container\"><div class=\"uagb-container-inner-blocks-wrap\"><div class=\"pt-cv-wrapper\"><div class=\"pt-cv-view pt-cv-blockgrid iscvblock iscvhybrid grid1 layout1 pt-cv-center pagesos-title img-quadrat\" id=\"pt-cv-view-af7fa40oeq\"><div data-id=\"pt-cv-page-1\" class=\"pt-cv-page\" data-cvc=\"5\"><div class=\"pt-cv-content-item pt-cv-1-col\"  data-pid=\"4224\"><div class=\"pt-cv-thumb-wrapper\"><a href=\"https:\/\/ecocentral.cat\/es_es\/agricola-tupinaire\/\" class=\"_self pt-cv-href-thumbnail pt-cv-thumb-default cvplbd\" target=\"_self\" ><img loading=\"lazy\" decoding=\"async\" width=\"300\" height=\"200\" src=\"https:\/\/ecocentral.cat\/wp-content\/uploads\/2026\/03\/ChatGPT-Image-24-mar-2026-11_46_12-300x200.jpg\" class=\"pt-cv-thumbnail img-none\" alt=\"Agr\u00edcola Tupinaire\" srcset=\"https:\/\/ecocentral.cat\/wp-content\/uploads\/2026\/03\/ChatGPT-Image-24-mar-2026-11_46_12-300x200.jpg 300w, https:\/\/ecocentral.cat\/wp-content\/uploads\/2026\/03\/ChatGPT-Image-24-mar-2026-11_46_12-1024x683.jpg 1024w, https:\/\/ecocentral.cat\/wp-content\/uploads\/2026\/03\/ChatGPT-Image-24-mar-2026-11_46_12-768x512.jpg 768w, https:\/\/ecocentral.cat\/wp-content\/uploads\/2026\/03\/ChatGPT-Image-24-mar-2026-11_46_12-18x12.jpg 18w, https:\/\/ecocentral.cat\/wp-content\/uploads\/2026\/03\/ChatGPT-Image-24-mar-2026-11_46_12.jpg 1536w\" sizes=\"auto, (max-width: 300px) 100vw, 300px\" \/><\/a><\/div>\n<p class=\"pt-cv-title\"><a href=\"https:\/\/ecocentral.cat\/es_es\/agricola-tupinaire\/\" class=\"_self cvplbd\" target=\"_self\" >Agr\u00edcola Tupinaire<\/a><\/p>\n<div class=\"pt-cv-content\">El Segri\u00e0<\/div><\/div>\n<div class=\"pt-cv-content-item pt-cv-1-col\"  data-pid=\"2669\"><div class=\"pt-cv-thumb-wrapper\"><a href=\"https:\/\/ecocentral.cat\/es_es\/aurora-del-camp\/\" class=\"_self pt-cv-href-thumbnail pt-cv-thumb-default cvplbd\" target=\"_self\" ><img loading=\"lazy\" decoding=\"async\" width=\"300\" height=\"203\" src=\"https:\/\/ecocentral.cat\/wp-content\/uploads\/2026\/01\/aurora-300x203.jpg\" class=\"pt-cv-thumbnail img-none\" alt=\"Aurora del Camp\" srcset=\"https:\/\/ecocentral.cat\/wp-content\/uploads\/2026\/01\/aurora-300x203.jpg 300w, https:\/\/ecocentral.cat\/wp-content\/uploads\/2026\/01\/aurora-768x519.jpg 768w, https:\/\/ecocentral.cat\/wp-content\/uploads\/2026\/01\/aurora-18x12.jpg 18w, https:\/\/ecocentral.cat\/wp-content\/uploads\/2026\/01\/aurora.jpg 803w\" sizes=\"auto, (max-width: 300px) 100vw, 300px\" \/><\/a><\/div>\n<p class=\"pt-cv-title\"><a href=\"https:\/\/ecocentral.cat\/es_es\/aurora-del-camp\/\" class=\"_self cvplbd\" target=\"_self\" >Aurora del Camp<\/a><\/p>\n<div class=\"pt-cv-content\">El Maresme<\/div><\/div>\n<div class=\"pt-cv-content-item pt-cv-1-col\"  data-pid=\"4226\"><div class=\"pt-cv-thumb-wrapper\"><a href=\"https:\/\/ecocentral.cat\/es_es\/biolord\/\" class=\"_self pt-cv-href-thumbnail pt-cv-thumb-default cvplbd\" target=\"_self\" ><img loading=\"lazy\" decoding=\"async\" width=\"300\" height=\"149\" src=\"https:\/\/ecocentral.cat\/wp-content\/uploads\/2026\/03\/biolord-300x149.jpg\" class=\"pt-cv-thumbnail img-none\" alt=\"Biolord\" srcset=\"https:\/\/ecocentral.cat\/wp-content\/uploads\/2026\/03\/biolord-300x149.jpg 300w, https:\/\/ecocentral.cat\/wp-content\/uploads\/2026\/03\/biolord-1024x507.jpg 1024w, https:\/\/ecocentral.cat\/wp-content\/uploads\/2026\/03\/biolord-768x380.jpg 768w, https:\/\/ecocentral.cat\/wp-content\/uploads\/2026\/03\/biolord-1536x761.jpg 1536w, https:\/\/ecocentral.cat\/wp-content\/uploads\/2026\/03\/biolord-18x9.jpg 18w, https:\/\/ecocentral.cat\/wp-content\/uploads\/2026\/03\/biolord.jpg 1640w\" sizes=\"auto, (max-width: 300px) 100vw, 300px\" \/><\/a><\/div>\n<p class=\"pt-cv-title\"><a href=\"https:\/\/ecocentral.cat\/es_es\/biolord\/\" class=\"_self cvplbd\" target=\"_self\" >Biolord<\/a><\/p>\n<div class=\"pt-cv-content\">El Solson\u00e8s<\/div><\/div>\n<div class=\"pt-cv-content-item pt-cv-1-col\"  data-pid=\"2672\"><div class=\"pt-cv-thumb-wrapper\"><a href=\"https:\/\/ecocentral.cat\/es_es\/biopalacin-planet\/\" class=\"_self pt-cv-href-thumbnail pt-cv-thumb-default cvplbd\" target=\"_self\" ><img loading=\"lazy\" decoding=\"async\" width=\"300\" height=\"220\" src=\"https:\/\/ecocentral.cat\/wp-content\/uploads\/2026\/01\/01_biopalacin-1-300x220.jpeg\" class=\"pt-cv-thumbnail img-none\" alt=\"Biopalac\u00edn Planet\" srcset=\"https:\/\/ecocentral.cat\/wp-content\/uploads\/2026\/01\/01_biopalacin-1-300x220.jpeg 300w, https:\/\/ecocentral.cat\/wp-content\/uploads\/2026\/01\/01_biopalacin-1-768x563.jpeg 768w, https:\/\/ecocentral.cat\/wp-content\/uploads\/2026\/01\/01_biopalacin-1-16x12.jpeg 16w, https:\/\/ecocentral.cat\/wp-content\/uploads\/2026\/01\/01_biopalacin-1.jpeg 805w\" sizes=\"auto, (max-width: 300px) 100vw, 300px\" \/><\/a><\/div>\n<p class=\"pt-cv-title\"><a href=\"https:\/\/ecocentral.cat\/es_es\/biopalacin-planet\/\" class=\"_self cvplbd\" target=\"_self\" >Biopalac\u00edn Planet<\/a><\/p>\n<div class=\"pt-cv-content\">Arag\u00f3<\/div><\/div>\n<div class=\"pt-cv-content-item pt-cv-1-col\"  data-pid=\"4229\"><div class=\"pt-cv-thumb-wrapper\"><a href=\"https:\/\/ecocentral.cat\/es_es\/biovarsella\/\" class=\"_self pt-cv-href-thumbnail pt-cv-thumb-default cvplbd\" target=\"_self\" ><img loading=\"lazy\" decoding=\"async\" width=\"300\" height=\"195\" src=\"https:\/\/ecocentral.cat\/wp-content\/uploads\/2026\/03\/biovarsella-300x195.jpg\" class=\"pt-cv-thumbnail img-none\" alt=\"Biovarsella\" srcset=\"https:\/\/ecocentral.cat\/wp-content\/uploads\/2026\/03\/biovarsella-300x195.jpg 300w, https:\/\/ecocentral.cat\/wp-content\/uploads\/2026\/03\/biovarsella-18x12.jpg 18w, https:\/\/ecocentral.cat\/wp-content\/uploads\/2026\/03\/biovarsella.jpg 635w\" sizes=\"auto, (max-width: 300px) 100vw, 300px\" \/><\/a><\/div>\n<p class=\"pt-cv-title\"><a href=\"https:\/\/ecocentral.cat\/es_es\/biovarsella\/\" class=\"_self cvplbd\" target=\"_self\" >Biovarsella<\/a><\/p>\n<div class=\"pt-cv-content\">El Baix Ebre<\/div><\/div>\n<div class=\"pt-cv-content-item pt-cv-1-col\"  data-pid=\"2242\"><div class=\"pt-cv-thumb-wrapper\"><a href=\"https:\/\/ecocentral.cat\/es_es\/cal-berge\/\" class=\"_self pt-cv-href-thumbnail pt-cv-thumb-default cvplbd\" target=\"_self\" ><img loading=\"lazy\" decoding=\"async\" width=\"300\" height=\"173\" src=\"https:\/\/ecocentral.cat\/wp-content\/uploads\/2025\/09\/cal-berge-300x173.jpg\" class=\"pt-cv-thumbnail img-none\" alt=\"Cal Berg\u00e9\" srcset=\"https:\/\/ecocentral.cat\/wp-content\/uploads\/2025\/09\/cal-berge-300x173.jpg 300w, https:\/\/ecocentral.cat\/wp-content\/uploads\/2025\/09\/cal-berge-768x443.jpg 768w, https:\/\/ecocentral.cat\/wp-content\/uploads\/2025\/09\/cal-berge-18x10.jpg 18w, https:\/\/ecocentral.cat\/wp-content\/uploads\/2025\/09\/cal-berge.jpg 1001w\" sizes=\"auto, (max-width: 300px) 100vw, 300px\" \/><\/a><\/div>\n<p class=\"pt-cv-title\"><a href=\"https:\/\/ecocentral.cat\/es_es\/cal-berge\/\" class=\"_self cvplbd\" target=\"_self\" >Cal Berg\u00e9<\/a><\/p>\n<div class=\"pt-cv-content\">El Noguera<\/div><\/div>\n<div class=\"pt-cv-content-item pt-cv-1-col\"  data-pid=\"2287\"><div class=\"pt-cv-thumb-wrapper\"><a href=\"https:\/\/ecocentral.cat\/es_es\/cal-cerda\/\" class=\"_self pt-cv-href-thumbnail pt-cv-thumb-default cvplbd\" target=\"_self\" ><img loading=\"lazy\" decoding=\"async\" width=\"300\" height=\"155\" src=\"https:\/\/ecocentral.cat\/wp-content\/uploads\/2025\/09\/cal-cerda-1-300x155.jpg\" class=\"pt-cv-thumbnail img-none\" alt=\"Cal Cerd\u00e0\" srcset=\"https:\/\/ecocentral.cat\/wp-content\/uploads\/2025\/09\/cal-cerda-1-300x155.jpg 300w, https:\/\/ecocentral.cat\/wp-content\/uploads\/2025\/09\/cal-cerda-1-1024x528.jpg 1024w, https:\/\/ecocentral.cat\/wp-content\/uploads\/2025\/09\/cal-cerda-1-768x396.jpg 768w, https:\/\/ecocentral.cat\/wp-content\/uploads\/2025\/09\/cal-cerda-1-1536x792.jpg 1536w, https:\/\/ecocentral.cat\/wp-content\/uploads\/2025\/09\/cal-cerda-1-18x9.jpg 18w, https:\/\/ecocentral.cat\/wp-content\/uploads\/2025\/09\/cal-cerda-1.jpg 1697w\" sizes=\"auto, (max-width: 300px) 100vw, 300px\" \/><\/a><\/div>\n<p class=\"pt-cv-title\"><a href=\"https:\/\/ecocentral.cat\/es_es\/cal-cerda\/\" class=\"_self cvplbd\" target=\"_self\" >Cal Cerd\u00e0<\/a><\/p>\n<div class=\"pt-cv-content\">El Vall\u00e8s Oriental<\/div><\/div>\n<div class=\"pt-cv-content-item pt-cv-1-col\"  data-pid=\"3996\"><div class=\"pt-cv-thumb-wrapper\"><a href=\"https:\/\/ecocentral.cat\/es_es\/cal-notari\/\" class=\"_self pt-cv-href-thumbnail pt-cv-thumb-default cvplbd\" target=\"_self\" ><img loading=\"lazy\" decoding=\"async\" width=\"300\" height=\"176\" src=\"https:\/\/ecocentral.cat\/wp-content\/uploads\/2026\/03\/cal-notari-300x176.jpg\" class=\"pt-cv-thumbnail img-none\" alt=\"Cal Notari\" srcset=\"https:\/\/ecocentral.cat\/wp-content\/uploads\/2026\/03\/cal-notari-300x176.jpg 300w, https:\/\/ecocentral.cat\/wp-content\/uploads\/2026\/03\/cal-notari-1024x600.jpg 1024w, https:\/\/ecocentral.cat\/wp-content\/uploads\/2026\/03\/cal-notari-768x450.jpg 768w, https:\/\/ecocentral.cat\/wp-content\/uploads\/2026\/03\/cal-notari-18x12.jpg 18w, https:\/\/ecocentral.cat\/wp-content\/uploads\/2026\/03\/cal-notari.jpg 1327w\" sizes=\"auto, (max-width: 300px) 100vw, 300px\" \/><\/a><\/div>\n<p class=\"pt-cv-title\"><a href=\"https:\/\/ecocentral.cat\/es_es\/cal-notari\/\" class=\"_self cvplbd\" target=\"_self\" >Cal Notari<\/a><\/p>\n<div class=\"pt-cv-content\">El Baix Llobregat<\/div><\/div>\n<div class=\"pt-cv-content-item pt-cv-1-col\"  data-pid=\"2662\"><div class=\"pt-cv-thumb-wrapper\"><a href=\"https:\/\/ecocentral.cat\/es_es\/cal-petit-del-nen\/\" class=\"_self pt-cv-href-thumbnail pt-cv-thumb-default cvplbd\" target=\"_self\" ><img loading=\"lazy\" decoding=\"async\" width=\"300\" height=\"201\" src=\"https:\/\/ecocentral.cat\/wp-content\/uploads\/2026\/01\/cal-petit-del-nen-300x201.jpg\" class=\"pt-cv-thumbnail img-none\" alt=\"Cal Petit del Nen\" srcset=\"https:\/\/ecocentral.cat\/wp-content\/uploads\/2026\/01\/cal-petit-del-nen-300x201.jpg 300w, https:\/\/ecocentral.cat\/wp-content\/uploads\/2026\/01\/cal-petit-del-nen-18x12.jpg 18w, https:\/\/ecocentral.cat\/wp-content\/uploads\/2026\/01\/cal-petit-del-nen.jpg 480w\" sizes=\"auto, (max-width: 300px) 100vw, 300px\" \/><\/a><\/div>\n<p class=\"pt-cv-title\"><a href=\"https:\/\/ecocentral.cat\/es_es\/cal-petit-del-nen\/\" class=\"_self cvplbd\" target=\"_self\" >Cal Petit del Nen<\/a><\/p>\n<div class=\"pt-cv-content\">El Noguera<\/div><\/div>\n<div class=\"pt-cv-content-item pt-cv-1-col\"  data-pid=\"2549\"><div class=\"pt-cv-thumb-wrapper\"><a href=\"https:\/\/ecocentral.cat\/es_es\/cal-puxica\/\" class=\"_self pt-cv-href-thumbnail pt-cv-thumb-default cvplbd\" target=\"_self\" ><img loading=\"lazy\" decoding=\"async\" width=\"300\" height=\"245\" src=\"https:\/\/ecocentral.cat\/wp-content\/uploads\/2026\/01\/16_cal_puxica-1-300x245.jpg\" class=\"pt-cv-thumbnail img-none\" alt=\"Cal Puxica\" srcset=\"https:\/\/ecocentral.cat\/wp-content\/uploads\/2026\/01\/16_cal_puxica-1-300x245.jpg 300w, https:\/\/ecocentral.cat\/wp-content\/uploads\/2026\/01\/16_cal_puxica-1-15x12.jpg 15w, https:\/\/ecocentral.cat\/wp-content\/uploads\/2026\/01\/16_cal_puxica-1.jpg 360w\" sizes=\"auto, (max-width: 300px) 100vw, 300px\" \/><\/a><\/div>\n<p class=\"pt-cv-title\"><a href=\"https:\/\/ecocentral.cat\/es_es\/cal-puxica\/\" class=\"_self cvplbd\" target=\"_self\" >Cal Puxica<\/a><\/p>\n<div class=\"pt-cv-content\">El Bergued\u00e0<\/div><\/div>\n<div class=\"pt-cv-content-item pt-cv-1-col\"  data-pid=\"4179\"><div class=\"pt-cv-thumb-wrapper\"><a href=\"https:\/\/ecocentral.cat\/es_es\/cal-rosset\/\" class=\"_self pt-cv-href-thumbnail pt-cv-thumb-default cvplbd\" target=\"_self\" ><img loading=\"lazy\" decoding=\"async\" width=\"300\" height=\"162\" src=\"https:\/\/ecocentral.cat\/wp-content\/uploads\/2026\/03\/cal-rosset-2-300x162.jpg\" class=\"pt-cv-thumbnail img-none\" alt=\"Cal Rosset\" srcset=\"https:\/\/ecocentral.cat\/wp-content\/uploads\/2026\/03\/cal-rosset-2-300x162.jpg 300w, https:\/\/ecocentral.cat\/wp-content\/uploads\/2026\/03\/cal-rosset-2-768x414.jpg 768w, https:\/\/ecocentral.cat\/wp-content\/uploads\/2026\/03\/cal-rosset-2-18x10.jpg 18w, https:\/\/ecocentral.cat\/wp-content\/uploads\/2026\/03\/cal-rosset-2.jpg 803w\" sizes=\"auto, (max-width: 300px) 100vw, 300px\" \/><\/a><\/div>\n<p class=\"pt-cv-title\"><a href=\"https:\/\/ecocentral.cat\/es_es\/cal-rosset\/\" class=\"_self cvplbd\" target=\"_self\" >Cal Rosset<\/a><\/p>\n<div class=\"pt-cv-content\">El Baix Llobregat<\/div><\/div>\n<div class=\"pt-cv-content-item pt-cv-1-col\"  data-pid=\"2656\"><div class=\"pt-cv-thumb-wrapper\"><a href=\"https:\/\/ecocentral.cat\/es_es\/cal-valls\/\" class=\"_self pt-cv-href-thumbnail pt-cv-thumb-default cvplbd\" target=\"_self\" ><img loading=\"lazy\" decoding=\"async\" width=\"300\" height=\"188\" src=\"https:\/\/ecocentral.cat\/wp-content\/uploads\/2025\/09\/cal-valls-3-300x188.jpg\" class=\"pt-cv-thumbnail img-none\" alt=\"Cal Valls\" srcset=\"https:\/\/ecocentral.cat\/wp-content\/uploads\/2025\/09\/cal-valls-3-300x188.jpg 300w, https:\/\/ecocentral.cat\/wp-content\/uploads\/2025\/09\/cal-valls-3-1024x640.jpg 1024w, https:\/\/ecocentral.cat\/wp-content\/uploads\/2025\/09\/cal-valls-3-768x480.jpg 768w, https:\/\/ecocentral.cat\/wp-content\/uploads\/2025\/09\/cal-valls-3-18x12.jpg 18w, https:\/\/ecocentral.cat\/wp-content\/uploads\/2025\/09\/cal-valls-3.jpg 1427w\" sizes=\"auto, (max-width: 300px) 100vw, 300px\" \/><\/a><\/div>\n<p class=\"pt-cv-title\"><a href=\"https:\/\/ecocentral.cat\/es_es\/cal-valls\/\" class=\"_self cvplbd\" target=\"_self\" >Cal Valls<\/a><\/p>\n<div class=\"pt-cv-content\">El Pla d&#039;Urgell<\/div><\/div>\n<div class=\"pt-cv-content-item pt-cv-1-col\"  data-pid=\"4213\"><div class=\"pt-cv-thumb-wrapper\"><a href=\"https:\/\/ecocentral.cat\/es_es\/can-fisas\/\" class=\"_self pt-cv-href-thumbnail pt-cv-thumb-default cvplbd\" target=\"_self\" ><img loading=\"lazy\" decoding=\"async\" width=\"300\" height=\"225\" src=\"https:\/\/ecocentral.cat\/wp-content\/uploads\/2026\/03\/can-fisas-300x225.jpg\" class=\"pt-cv-thumbnail img-none\" alt=\"Can Fisas\" srcset=\"https:\/\/ecocentral.cat\/wp-content\/uploads\/2026\/03\/can-fisas-300x225.jpg 300w, https:\/\/ecocentral.cat\/wp-content\/uploads\/2026\/03\/can-fisas-1024x768.jpg 1024w, https:\/\/ecocentral.cat\/wp-content\/uploads\/2026\/03\/can-fisas-768x576.jpg 768w, https:\/\/ecocentral.cat\/wp-content\/uploads\/2026\/03\/can-fisas-1536x1152.jpg 1536w, https:\/\/ecocentral.cat\/wp-content\/uploads\/2026\/03\/can-fisas-16x12.jpg 16w, https:\/\/ecocentral.cat\/wp-content\/uploads\/2026\/03\/can-fisas.jpg 2048w\" sizes=\"auto, (max-width: 300px) 100vw, 300px\" \/><\/a><\/div>\n<p class=\"pt-cv-title\"><a href=\"https:\/\/ecocentral.cat\/es_es\/can-fisas\/\" class=\"_self cvplbd\" target=\"_self\" >Can Fisas<\/a><\/p>\n<div class=\"pt-cv-content\">El Baix Llobregat<\/div><\/div>\n<div class=\"pt-cv-content-item pt-cv-1-col\"  data-pid=\"2660\"><div class=\"pt-cv-thumb-wrapper\"><a href=\"https:\/\/ecocentral.cat\/es_es\/can-tabaquet\/\" class=\"_self pt-cv-href-thumbnail pt-cv-thumb-default cvplbd\" target=\"_self\" ><img loading=\"lazy\" decoding=\"async\" width=\"300\" height=\"204\" src=\"https:\/\/ecocentral.cat\/wp-content\/uploads\/2025\/09\/cantabaquet-300x204.jpg\" class=\"pt-cv-thumbnail img-none\" alt=\"Can Tabaquet\" srcset=\"https:\/\/ecocentral.cat\/wp-content\/uploads\/2025\/09\/cantabaquet-300x204.jpg 300w, https:\/\/ecocentral.cat\/wp-content\/uploads\/2025\/09\/cantabaquet-768x522.jpg 768w, https:\/\/ecocentral.cat\/wp-content\/uploads\/2025\/09\/cantabaquet-18x12.jpg 18w, https:\/\/ecocentral.cat\/wp-content\/uploads\/2025\/09\/cantabaquet.jpg 811w\" sizes=\"auto, (max-width: 300px) 100vw, 300px\" \/><\/a><\/div>\n<p class=\"pt-cv-title\"><a href=\"https:\/\/ecocentral.cat\/es_es\/can-tabaquet\/\" class=\"_self cvplbd\" target=\"_self\" >Can Tabaquet<\/a><\/p>\n<div class=\"pt-cv-content\">El Vall\u00e8s Oriental<\/div><\/div>\n<div class=\"pt-cv-content-item pt-cv-1-col\"  data-pid=\"4177\"><div class=\"pt-cv-thumb-wrapper\"><a href=\"https:\/\/ecocentral.cat\/es_es\/can-tria-ecologic\/\" class=\"_self pt-cv-href-thumbnail pt-cv-thumb-default cvplbd\" target=\"_self\" ><img loading=\"lazy\" decoding=\"async\" width=\"300\" height=\"200\" src=\"https:\/\/ecocentral.cat\/wp-content\/uploads\/2026\/03\/ChatGPT-Image-24-mar-2026-11_46_12-300x200.jpg\" class=\"pt-cv-thumbnail img-none\" alt=\"Can Tria Ecol\u00f2gic\" srcset=\"https:\/\/ecocentral.cat\/wp-content\/uploads\/2026\/03\/ChatGPT-Image-24-mar-2026-11_46_12-300x200.jpg 300w, https:\/\/ecocentral.cat\/wp-content\/uploads\/2026\/03\/ChatGPT-Image-24-mar-2026-11_46_12-1024x683.jpg 1024w, https:\/\/ecocentral.cat\/wp-content\/uploads\/2026\/03\/ChatGPT-Image-24-mar-2026-11_46_12-768x512.jpg 768w, https:\/\/ecocentral.cat\/wp-content\/uploads\/2026\/03\/ChatGPT-Image-24-mar-2026-11_46_12-18x12.jpg 18w, https:\/\/ecocentral.cat\/wp-content\/uploads\/2026\/03\/ChatGPT-Image-24-mar-2026-11_46_12.jpg 1536w\" sizes=\"auto, (max-width: 300px) 100vw, 300px\" \/><\/a><\/div>\n<p class=\"pt-cv-title\"><a href=\"https:\/\/ecocentral.cat\/es_es\/can-tria-ecologic\/\" class=\"_self cvplbd\" target=\"_self\" >Can Tria Ecol\u00f2gic<\/a><\/p>\n<div class=\"pt-cv-content\">El Maresme<\/div><\/div>\n<div class=\"pt-cv-content-item pt-cv-1-col\"  data-pid=\"4216\"><div class=\"pt-cv-thumb-wrapper\"><a href=\"https:\/\/ecocentral.cat\/es_es\/castanya-de-viladrau\/\" class=\"_self pt-cv-href-thumbnail pt-cv-thumb-default cvplbd\" target=\"_self\" ><img loading=\"lazy\" decoding=\"async\" width=\"300\" height=\"200\" src=\"https:\/\/ecocentral.cat\/wp-content\/uploads\/2026\/03\/ChatGPT-Image-24-mar-2026-11_46_12-300x200.jpg\" class=\"pt-cv-thumbnail img-none\" alt=\"Castanya de Viladrau\" srcset=\"https:\/\/ecocentral.cat\/wp-content\/uploads\/2026\/03\/ChatGPT-Image-24-mar-2026-11_46_12-300x200.jpg 300w, https:\/\/ecocentral.cat\/wp-content\/uploads\/2026\/03\/ChatGPT-Image-24-mar-2026-11_46_12-1024x683.jpg 1024w, https:\/\/ecocentral.cat\/wp-content\/uploads\/2026\/03\/ChatGPT-Image-24-mar-2026-11_46_12-768x512.jpg 768w, https:\/\/ecocentral.cat\/wp-content\/uploads\/2026\/03\/ChatGPT-Image-24-mar-2026-11_46_12-18x12.jpg 18w, https:\/\/ecocentral.cat\/wp-content\/uploads\/2026\/03\/ChatGPT-Image-24-mar-2026-11_46_12.jpg 1536w\" sizes=\"auto, (max-width: 300px) 100vw, 300px\" \/><\/a><\/div>\n<p class=\"pt-cv-title\"><a href=\"https:\/\/ecocentral.cat\/es_es\/castanya-de-viladrau\/\" class=\"_self cvplbd\" target=\"_self\" >Castanya de Viladrau<\/a><\/p>\n<div class=\"pt-cv-content\">Osona<\/div><\/div>\n<div class=\"pt-cv-content-item pt-cv-1-col\"  data-pid=\"4244\"><div class=\"pt-cv-thumb-wrapper\"><a href=\"https:\/\/ecocentral.cat\/es_es\/cinc-obrador\/\" class=\"_self pt-cv-href-thumbnail pt-cv-thumb-default cvplbd\" target=\"_self\" ><img loading=\"lazy\" decoding=\"async\" width=\"300\" height=\"200\" src=\"https:\/\/ecocentral.cat\/wp-content\/uploads\/2026\/03\/ChatGPT-Image-24-mar-2026-11_46_12-300x200.jpg\" class=\"pt-cv-thumbnail img-none\" alt=\"Cinc Obrador\" srcset=\"https:\/\/ecocentral.cat\/wp-content\/uploads\/2026\/03\/ChatGPT-Image-24-mar-2026-11_46_12-300x200.jpg 300w, https:\/\/ecocentral.cat\/wp-content\/uploads\/2026\/03\/ChatGPT-Image-24-mar-2026-11_46_12-1024x683.jpg 1024w, https:\/\/ecocentral.cat\/wp-content\/uploads\/2026\/03\/ChatGPT-Image-24-mar-2026-11_46_12-768x512.jpg 768w, https:\/\/ecocentral.cat\/wp-content\/uploads\/2026\/03\/ChatGPT-Image-24-mar-2026-11_46_12-18x12.jpg 18w, https:\/\/ecocentral.cat\/wp-content\/uploads\/2026\/03\/ChatGPT-Image-24-mar-2026-11_46_12.jpg 1536w\" sizes=\"auto, (max-width: 300px) 100vw, 300px\" \/><\/a><\/div>\n<p class=\"pt-cv-title\"><a href=\"https:\/\/ecocentral.cat\/es_es\/cinc-obrador\/\" class=\"_self cvplbd\" target=\"_self\" >Cinc Obrador<\/a><\/p>\n<div class=\"pt-cv-content\">El Maresme<\/div><\/div>\n<div class=\"pt-cv-content-item pt-cv-1-col\"  data-pid=\"2336\"><div class=\"pt-cv-thumb-wrapper\"><a href=\"https:\/\/ecocentral.cat\/es_es\/david-torrelles\/\" class=\"_self pt-cv-href-thumbnail pt-cv-thumb-default cvplbd\" target=\"_self\" ><img loading=\"lazy\" decoding=\"async\" width=\"300\" height=\"300\" src=\"https:\/\/ecocentral.cat\/wp-content\/uploads\/2025\/09\/torrelles-300x300.webp\" class=\"pt-cv-thumbnail img-none\" alt=\"David Torrelles\" srcset=\"https:\/\/ecocentral.cat\/wp-content\/uploads\/2025\/09\/torrelles-300x300.webp 300w, https:\/\/ecocentral.cat\/wp-content\/uploads\/2025\/09\/torrelles-150x150.webp 150w, https:\/\/ecocentral.cat\/wp-content\/uploads\/2025\/09\/torrelles-768x768.webp 768w, https:\/\/ecocentral.cat\/wp-content\/uploads\/2025\/09\/torrelles-12x12.webp 12w, https:\/\/ecocentral.cat\/wp-content\/uploads\/2025\/09\/torrelles.webp 1000w\" sizes=\"auto, (max-width: 300px) 100vw, 300px\" \/><\/a><\/div>\n<p class=\"pt-cv-title\"><a href=\"https:\/\/ecocentral.cat\/es_es\/david-torrelles\/\" class=\"_self cvplbd\" target=\"_self\" >David Torrelles<\/a><\/p>\n<div class=\"pt-cv-content\">El Segri\u00e0<\/div><\/div>\n<div class=\"pt-cv-content-item pt-cv-1-col\"  data-pid=\"2659\"><div class=\"pt-cv-thumb-wrapper\"><a href=\"https:\/\/ecocentral.cat\/es_es\/ecocastells\/\" class=\"_self pt-cv-href-thumbnail pt-cv-thumb-default cvplbd\" target=\"_self\" ><img loading=\"lazy\" decoding=\"async\" width=\"300\" height=\"154\" src=\"https:\/\/ecocentral.cat\/wp-content\/uploads\/2025\/09\/ecocastells-2-300x154.jpg\" class=\"pt-cv-thumbnail img-none\" alt=\"Ecocastells\" srcset=\"https:\/\/ecocentral.cat\/wp-content\/uploads\/2025\/09\/ecocastells-2-300x154.jpg 300w, https:\/\/ecocentral.cat\/wp-content\/uploads\/2025\/09\/ecocastells-2-1024x525.jpg 1024w, https:\/\/ecocentral.cat\/wp-content\/uploads\/2025\/09\/ecocastells-2-768x394.jpg 768w, https:\/\/ecocentral.cat\/wp-content\/uploads\/2025\/09\/ecocastells-2-1536x788.jpg 1536w, https:\/\/ecocentral.cat\/wp-content\/uploads\/2025\/09\/ecocastells-2-18x9.jpg 18w, https:\/\/ecocentral.cat\/wp-content\/uploads\/2025\/09\/ecocastells-2.jpg 1565w\" sizes=\"auto, (max-width: 300px) 100vw, 300px\" \/><\/a><\/div>\n<p class=\"pt-cv-title\"><a href=\"https:\/\/ecocentral.cat\/es_es\/ecocastells\/\" class=\"_self cvplbd\" target=\"_self\" >Ecocastells<\/a><\/p>\n<div class=\"pt-cv-content\">El Baix Ebre<\/div><\/div>\n<div class=\"pt-cv-content-item pt-cv-1-col\"  data-pid=\"4207\"><div class=\"pt-cv-thumb-wrapper\"><a href=\"https:\/\/ecocentral.cat\/es_es\/el-tros-de-luri\/\" class=\"_self pt-cv-href-thumbnail pt-cv-thumb-default cvplbd\" target=\"_self\" ><img loading=\"lazy\" decoding=\"async\" width=\"300\" height=\"236\" src=\"https:\/\/ecocentral.cat\/wp-content\/uploads\/2026\/03\/tros-de-luri-2-300x236.jpg\" class=\"pt-cv-thumbnail img-none\" alt=\"El Trozo del Uri\" srcset=\"https:\/\/ecocentral.cat\/wp-content\/uploads\/2026\/03\/tros-de-luri-2-300x236.jpg 300w, https:\/\/ecocentral.cat\/wp-content\/uploads\/2026\/03\/tros-de-luri-2-768x604.jpg 768w, https:\/\/ecocentral.cat\/wp-content\/uploads\/2026\/03\/tros-de-luri-2-15x12.jpg 15w, https:\/\/ecocentral.cat\/wp-content\/uploads\/2026\/03\/tros-de-luri-2.jpg 1000w\" sizes=\"auto, (max-width: 300px) 100vw, 300px\" \/><\/a><\/div>\n<p class=\"pt-cv-title\"><a href=\"https:\/\/ecocentral.cat\/es_es\/el-tros-de-luri\/\" class=\"_self cvplbd\" target=\"_self\" >El Tros de l\u2019Uri<\/a><\/p>\n<div class=\"pt-cv-content\">El Maresme<\/div><\/div>\n<div class=\"pt-cv-content-item pt-cv-1-col\"  data-pid=\"2670\"><div class=\"pt-cv-thumb-wrapper\"><a href=\"https:\/\/ecocentral.cat\/es_es\/fruitalpunt-bio\/\" class=\"_self pt-cv-href-thumbnail pt-cv-thumb-default cvplbd\" target=\"_self\" ><img loading=\"lazy\" decoding=\"async\" width=\"300\" height=\"181\" src=\"https:\/\/ecocentral.cat\/wp-content\/uploads\/2026\/01\/fruitalpuntbio-300x181.jpg\" class=\"pt-cv-thumbnail img-none\" alt=\"Fruitalpunt BIO\" srcset=\"https:\/\/ecocentral.cat\/wp-content\/uploads\/2026\/01\/fruitalpuntbio-300x181.jpg 300w, https:\/\/ecocentral.cat\/wp-content\/uploads\/2026\/01\/fruitalpuntbio-18x12.jpg 18w, https:\/\/ecocentral.cat\/wp-content\/uploads\/2026\/01\/fruitalpuntbio.jpg 712w\" sizes=\"auto, (max-width: 300px) 100vw, 300px\" \/><\/a><\/div>\n<p class=\"pt-cv-title\"><a href=\"https:\/\/ecocentral.cat\/es_es\/fruitalpunt-bio\/\" class=\"_self cvplbd\" target=\"_self\" >Fruitalpunt BIO<\/a><\/p>\n<div class=\"pt-cv-content\">El Segri\u00e0<\/div><\/div>\n<div class=\"pt-cv-content-item pt-cv-1-col\"  data-pid=\"4235\"><div class=\"pt-cv-thumb-wrapper\"><a href=\"https:\/\/ecocentral.cat\/es_es\/fruits-del-seca\/\" class=\"_self pt-cv-href-thumbnail pt-cv-thumb-default cvplbd\" target=\"_self\" ><img loading=\"lazy\" decoding=\"async\" width=\"300\" height=\"239\" src=\"https:\/\/ecocentral.cat\/wp-content\/uploads\/2026\/03\/fruits-del-seca-300x239.png\" class=\"pt-cv-thumbnail img-none\" alt=\"Frutos del Secano\" srcset=\"https:\/\/ecocentral.cat\/wp-content\/uploads\/2026\/03\/fruits-del-seca-300x239.png 300w, https:\/\/ecocentral.cat\/wp-content\/uploads\/2026\/03\/fruits-del-seca-15x12.png 15w, https:\/\/ecocentral.cat\/wp-content\/uploads\/2026\/03\/fruits-del-seca.png 598w\" sizes=\"auto, (max-width: 300px) 100vw, 300px\" \/><\/a><\/div>\n<p class=\"pt-cv-title\"><a href=\"https:\/\/ecocentral.cat\/es_es\/fruits-del-seca\/\" class=\"_self cvplbd\" target=\"_self\" >Frutos del Secano<\/a><\/p>\n<div class=\"pt-cv-content\">Anoia<\/div><\/div>\n<div class=\"pt-cv-content-item pt-cv-1-col\"  data-pid=\"1997\"><div class=\"pt-cv-thumb-wrapper\"><a href=\"https:\/\/ecocentral.cat\/es_es\/gallecs\/\" class=\"_self pt-cv-href-thumbnail pt-cv-thumb-default cvplbd\" target=\"_self\" ><img loading=\"lazy\" decoding=\"async\" width=\"300\" height=\"199\" src=\"https:\/\/ecocentral.cat\/wp-content\/uploads\/2025\/09\/gallecs-2-300x199.jpg\" class=\"pt-cv-thumbnail img-none\" alt=\"Gallecs\" srcset=\"https:\/\/ecocentral.cat\/wp-content\/uploads\/2025\/09\/gallecs-2-300x199.jpg 300w, https:\/\/ecocentral.cat\/wp-content\/uploads\/2025\/09\/gallecs-2-1024x679.jpg 1024w, https:\/\/ecocentral.cat\/wp-content\/uploads\/2025\/09\/gallecs-2-768x509.jpg 768w, https:\/\/ecocentral.cat\/wp-content\/uploads\/2025\/09\/gallecs-2-18x12.jpg 18w, https:\/\/ecocentral.cat\/wp-content\/uploads\/2025\/09\/gallecs-2.jpg 1407w\" sizes=\"auto, (max-width: 300px) 100vw, 300px\" \/><\/a><\/div>\n<p class=\"pt-cv-title\"><a href=\"https:\/\/ecocentral.cat\/es_es\/gallecs\/\" class=\"_self cvplbd\" target=\"_self\" >Gallecs<\/a><\/p>\n<div class=\"pt-cv-content\">El Vall\u00e8s Oriental<\/div><\/div>\n<div class=\"pt-cv-content-item pt-cv-1-col\"  data-pid=\"4158\"><div class=\"pt-cv-thumb-wrapper\"><a href=\"https:\/\/ecocentral.cat\/es_es\/gerard-maresme\/\" class=\"_self pt-cv-href-thumbnail pt-cv-thumb-default cvplbd\" target=\"_self\" ><img loading=\"lazy\" decoding=\"async\" width=\"300\" height=\"200\" src=\"https:\/\/ecocentral.cat\/wp-content\/uploads\/2026\/03\/ChatGPT-Image-24-mar-2026-11_46_12-300x200.jpg\" class=\"pt-cv-thumbnail img-none\" alt=\"Gerard Maresme\" srcset=\"https:\/\/ecocentral.cat\/wp-content\/uploads\/2026\/03\/ChatGPT-Image-24-mar-2026-11_46_12-300x200.jpg 300w, https:\/\/ecocentral.cat\/wp-content\/uploads\/2026\/03\/ChatGPT-Image-24-mar-2026-11_46_12-1024x683.jpg 1024w, https:\/\/ecocentral.cat\/wp-content\/uploads\/2026\/03\/ChatGPT-Image-24-mar-2026-11_46_12-768x512.jpg 768w, https:\/\/ecocentral.cat\/wp-content\/uploads\/2026\/03\/ChatGPT-Image-24-mar-2026-11_46_12-18x12.jpg 18w, https:\/\/ecocentral.cat\/wp-content\/uploads\/2026\/03\/ChatGPT-Image-24-mar-2026-11_46_12.jpg 1536w\" sizes=\"auto, (max-width: 300px) 100vw, 300px\" \/><\/a><\/div>\n<p class=\"pt-cv-title\"><a href=\"https:\/\/ecocentral.cat\/es_es\/gerard-maresme\/\" class=\"_self cvplbd\" target=\"_self\" >Gerard Maresme<\/a><\/p>\n<div class=\"pt-cv-content\">La Selva<\/div><\/div>\n<div class=\"pt-cv-content-item pt-cv-1-col\"  data-pid=\"2658\"><div class=\"pt-cv-thumb-wrapper\"><a href=\"https:\/\/ecocentral.cat\/es_es\/gimeno-fruits\/\" class=\"_self pt-cv-href-thumbnail pt-cv-thumb-default cvplbd\" target=\"_self\" ><img loading=\"lazy\" decoding=\"async\" width=\"300\" height=\"216\" src=\"https:\/\/ecocentral.cat\/wp-content\/uploads\/2025\/09\/jimeno-300x216.jpg\" class=\"pt-cv-thumbnail img-none\" alt=\"Gimeno Fruits\" srcset=\"https:\/\/ecocentral.cat\/wp-content\/uploads\/2025\/09\/jimeno-300x216.jpg 300w, https:\/\/ecocentral.cat\/wp-content\/uploads\/2025\/09\/jimeno-18x12.jpg 18w, https:\/\/ecocentral.cat\/wp-content\/uploads\/2025\/09\/jimeno.jpg 397w\" sizes=\"auto, (max-width: 300px) 100vw, 300px\" \/><\/a><\/div>\n<p class=\"pt-cv-title\"><a href=\"https:\/\/ecocentral.cat\/es_es\/gimeno-fruits\/\" class=\"_self cvplbd\" target=\"_self\" >Gimeno Fruits<\/a><\/p>\n<div class=\"pt-cv-content\">El Pla d&#039;Urgell<\/div><\/div>\n<div class=\"pt-cv-content-item pt-cv-1-col\"  data-pid=\"4172\"><div class=\"pt-cv-thumb-wrapper\"><a href=\"https:\/\/ecocentral.cat\/es_es\/greenhort\/\" class=\"_self pt-cv-href-thumbnail pt-cv-thumb-default cvplbd\" target=\"_self\" ><img loading=\"lazy\" decoding=\"async\" width=\"300\" height=\"200\" src=\"https:\/\/ecocentral.cat\/wp-content\/uploads\/2026\/03\/ChatGPT-Image-24-mar-2026-11_46_12-300x200.jpg\" class=\"pt-cv-thumbnail img-none\" alt=\"Greenhort\" srcset=\"https:\/\/ecocentral.cat\/wp-content\/uploads\/2026\/03\/ChatGPT-Image-24-mar-2026-11_46_12-300x200.jpg 300w, https:\/\/ecocentral.cat\/wp-content\/uploads\/2026\/03\/ChatGPT-Image-24-mar-2026-11_46_12-1024x683.jpg 1024w, https:\/\/ecocentral.cat\/wp-content\/uploads\/2026\/03\/ChatGPT-Image-24-mar-2026-11_46_12-768x512.jpg 768w, https:\/\/ecocentral.cat\/wp-content\/uploads\/2026\/03\/ChatGPT-Image-24-mar-2026-11_46_12-18x12.jpg 18w, https:\/\/ecocentral.cat\/wp-content\/uploads\/2026\/03\/ChatGPT-Image-24-mar-2026-11_46_12.jpg 1536w\" sizes=\"auto, (max-width: 300px) 100vw, 300px\" \/><\/a><\/div>\n<p class=\"pt-cv-title\"><a href=\"https:\/\/ecocentral.cat\/es_es\/greenhort\/\" class=\"_self cvplbd\" target=\"_self\" >Greenhort<\/a><\/p>\n<div class=\"pt-cv-content\">L\u2019Alt Pened\u00e8s<\/div><\/div>\n<div class=\"pt-cv-content-item pt-cv-1-col\"  data-pid=\"4192\"><div class=\"pt-cv-thumb-wrapper\"><a href=\"https:\/\/ecocentral.cat\/es_es\/hort-de-l-erico\/\" class=\"_self pt-cv-href-thumbnail pt-cv-thumb-default cvplbd\" target=\"_self\" ><img loading=\"lazy\" decoding=\"async\" width=\"300\" height=\"200\" src=\"https:\/\/ecocentral.cat\/wp-content\/uploads\/2026\/03\/ChatGPT-Image-24-mar-2026-11_46_12-300x200.jpg\" class=\"pt-cv-thumbnail img-none\" alt=\"Huerto del Erizo\" srcset=\"https:\/\/ecocentral.cat\/wp-content\/uploads\/2026\/03\/ChatGPT-Image-24-mar-2026-11_46_12-300x200.jpg 300w, https:\/\/ecocentral.cat\/wp-content\/uploads\/2026\/03\/ChatGPT-Image-24-mar-2026-11_46_12-1024x683.jpg 1024w, https:\/\/ecocentral.cat\/wp-content\/uploads\/2026\/03\/ChatGPT-Image-24-mar-2026-11_46_12-768x512.jpg 768w, https:\/\/ecocentral.cat\/wp-content\/uploads\/2026\/03\/ChatGPT-Image-24-mar-2026-11_46_12-18x12.jpg 18w, https:\/\/ecocentral.cat\/wp-content\/uploads\/2026\/03\/ChatGPT-Image-24-mar-2026-11_46_12.jpg 1536w\" sizes=\"auto, (max-width: 300px) 100vw, 300px\" \/><\/a><\/div>\n<p class=\"pt-cv-title\"><a href=\"https:\/\/ecocentral.cat\/es_es\/hort-de-l-erico\/\" class=\"_self cvplbd\" target=\"_self\" >Hort de l\u2019Eri\u00e7\u00f3<\/a><\/p>\n<div class=\"pt-cv-content\">El Baix Llobregat<\/div><\/div>\n<div class=\"pt-cv-content-item pt-cv-1-col\"  data-pid=\"4166\"><div class=\"pt-cv-thumb-wrapper\"><a href=\"https:\/\/ecocentral.cat\/es_es\/horta-can-colomer\/\" class=\"_self pt-cv-href-thumbnail pt-cv-thumb-default cvplbd\" target=\"_self\" ><img loading=\"lazy\" decoding=\"async\" width=\"300\" height=\"200\" src=\"https:\/\/ecocentral.cat\/wp-content\/uploads\/2026\/03\/ChatGPT-Image-24-mar-2026-11_46_12-300x200.jpg\" class=\"pt-cv-thumbnail img-none\" alt=\"Horta Can Colomer\" srcset=\"https:\/\/ecocentral.cat\/wp-content\/uploads\/2026\/03\/ChatGPT-Image-24-mar-2026-11_46_12-300x200.jpg 300w, https:\/\/ecocentral.cat\/wp-content\/uploads\/2026\/03\/ChatGPT-Image-24-mar-2026-11_46_12-1024x683.jpg 1024w, https:\/\/ecocentral.cat\/wp-content\/uploads\/2026\/03\/ChatGPT-Image-24-mar-2026-11_46_12-768x512.jpg 768w, https:\/\/ecocentral.cat\/wp-content\/uploads\/2026\/03\/ChatGPT-Image-24-mar-2026-11_46_12-18x12.jpg 18w, https:\/\/ecocentral.cat\/wp-content\/uploads\/2026\/03\/ChatGPT-Image-24-mar-2026-11_46_12.jpg 1536w\" sizes=\"auto, (max-width: 300px) 100vw, 300px\" \/><\/a><\/div>\n<p class=\"pt-cv-title\"><a href=\"https:\/\/ecocentral.cat\/es_es\/horta-can-colomer\/\" class=\"_self cvplbd\" target=\"_self\" >Horta Can Colomer<\/a><\/p>\n<div class=\"pt-cv-content\">El Vall\u00e8s Oriental<\/div><\/div>\n<div class=\"pt-cv-content-item pt-cv-1-col\"  data-pid=\"4155\"><div class=\"pt-cv-thumb-wrapper\"><a href=\"https:\/\/ecocentral.cat\/es_es\/horta-de-cal-castell\/\" class=\"_self pt-cv-href-thumbnail pt-cv-thumb-default cvplbd\" target=\"_self\" ><img loading=\"lazy\" decoding=\"async\" width=\"300\" height=\"200\" src=\"https:\/\/ecocentral.cat\/wp-content\/uploads\/2026\/03\/ChatGPT-Image-24-mar-2026-11_46_12-300x200.jpg\" class=\"pt-cv-thumbnail img-none\" alt=\"Horta de Cal Castell\" srcset=\"https:\/\/ecocentral.cat\/wp-content\/uploads\/2026\/03\/ChatGPT-Image-24-mar-2026-11_46_12-300x200.jpg 300w, https:\/\/ecocentral.cat\/wp-content\/uploads\/2026\/03\/ChatGPT-Image-24-mar-2026-11_46_12-1024x683.jpg 1024w, https:\/\/ecocentral.cat\/wp-content\/uploads\/2026\/03\/ChatGPT-Image-24-mar-2026-11_46_12-768x512.jpg 768w, https:\/\/ecocentral.cat\/wp-content\/uploads\/2026\/03\/ChatGPT-Image-24-mar-2026-11_46_12-18x12.jpg 18w, https:\/\/ecocentral.cat\/wp-content\/uploads\/2026\/03\/ChatGPT-Image-24-mar-2026-11_46_12.jpg 1536w\" sizes=\"auto, (max-width: 300px) 100vw, 300px\" \/><\/a><\/div>\n<p class=\"pt-cv-title\"><a href=\"https:\/\/ecocentral.cat\/es_es\/horta-de-cal-castell\/\" class=\"_self cvplbd\" target=\"_self\" >Horta de Cal Castell<\/a><\/p>\n<div class=\"pt-cv-content\">El Noguera<\/div><\/div>\n<div class=\"pt-cv-content-item pt-cv-1-col\"  data-pid=\"4194\"><div class=\"pt-cv-thumb-wrapper\"><a href=\"https:\/\/ecocentral.cat\/es_es\/horta-del-capolat\/\" class=\"_self pt-cv-href-thumbnail pt-cv-thumb-default cvplbd\" target=\"_self\" ><img loading=\"lazy\" decoding=\"async\" width=\"300\" height=\"200\" src=\"https:\/\/ecocentral.cat\/wp-content\/uploads\/2026\/03\/ChatGPT-Image-24-mar-2026-11_46_12-300x200.jpg\" class=\"pt-cv-thumbnail img-none\" alt=\"Horta del Capolat\" srcset=\"https:\/\/ecocentral.cat\/wp-content\/uploads\/2026\/03\/ChatGPT-Image-24-mar-2026-11_46_12-300x200.jpg 300w, https:\/\/ecocentral.cat\/wp-content\/uploads\/2026\/03\/ChatGPT-Image-24-mar-2026-11_46_12-1024x683.jpg 1024w, https:\/\/ecocentral.cat\/wp-content\/uploads\/2026\/03\/ChatGPT-Image-24-mar-2026-11_46_12-768x512.jpg 768w, https:\/\/ecocentral.cat\/wp-content\/uploads\/2026\/03\/ChatGPT-Image-24-mar-2026-11_46_12-18x12.jpg 18w, https:\/\/ecocentral.cat\/wp-content\/uploads\/2026\/03\/ChatGPT-Image-24-mar-2026-11_46_12.jpg 1536w\" sizes=\"auto, (max-width: 300px) 100vw, 300px\" \/><\/a><\/div>\n<p class=\"pt-cv-title\"><a href=\"https:\/\/ecocentral.cat\/es_es\/horta-del-capolat\/\" class=\"_self cvplbd\" target=\"_self\" >Horta del Capolat<\/a><\/p>\n<div class=\"pt-cv-content\">El Bergued\u00e0<\/div><\/div>\n<div class=\"pt-cv-content-item pt-cv-1-col\"  data-pid=\"4196\"><div class=\"pt-cv-thumb-wrapper\"><a href=\"https:\/\/ecocentral.cat\/es_es\/horta-del-carme\/\" class=\"_self pt-cv-href-thumbnail pt-cv-thumb-default cvplbd\" target=\"_self\" ><img loading=\"lazy\" decoding=\"async\" width=\"300\" height=\"210\" src=\"https:\/\/ecocentral.cat\/wp-content\/uploads\/2026\/03\/horta-del-carme-300x210.jpg\" class=\"pt-cv-thumbnail img-none\" alt=\"Horta del Carme\" srcset=\"https:\/\/ecocentral.cat\/wp-content\/uploads\/2026\/03\/horta-del-carme-300x210.jpg 300w, https:\/\/ecocentral.cat\/wp-content\/uploads\/2026\/03\/horta-del-carme-18x12.jpg 18w, https:\/\/ecocentral.cat\/wp-content\/uploads\/2026\/03\/horta-del-carme.jpg 672w\" sizes=\"auto, (max-width: 300px) 100vw, 300px\" \/><\/a><\/div>\n<p class=\"pt-cv-title\"><a href=\"https:\/\/ecocentral.cat\/es_es\/horta-del-carme\/\" class=\"_self cvplbd\" target=\"_self\" >Horta del Carme<\/a><\/p>\n<div class=\"pt-cv-content\">El Baix Ebre<\/div><\/div>\n<div class=\"pt-cv-content-item pt-cv-1-col\"  data-pid=\"2484\"><div class=\"pt-cv-thumb-wrapper\"><a href=\"https:\/\/ecocentral.cat\/es_es\/horta-pla-de-munt\/\" class=\"_self pt-cv-href-thumbnail pt-cv-thumb-default cvplbd\" target=\"_self\" ><img loading=\"lazy\" decoding=\"async\" width=\"300\" height=\"200\" src=\"https:\/\/ecocentral.cat\/wp-content\/uploads\/2026\/01\/03_plademunt-300x200.jpg\" class=\"pt-cv-thumbnail img-none\" alt=\"Horta Pla de Munt\" srcset=\"https:\/\/ecocentral.cat\/wp-content\/uploads\/2026\/01\/03_plademunt-300x200.jpg 300w, https:\/\/ecocentral.cat\/wp-content\/uploads\/2026\/01\/03_plademunt-1024x684.jpg 1024w, https:\/\/ecocentral.cat\/wp-content\/uploads\/2026\/01\/03_plademunt-768x513.jpg 768w, https:\/\/ecocentral.cat\/wp-content\/uploads\/2026\/01\/03_plademunt-1536x1026.jpg 1536w, https:\/\/ecocentral.cat\/wp-content\/uploads\/2026\/01\/03_plademunt-18x12.jpg 18w, https:\/\/ecocentral.cat\/wp-content\/uploads\/2026\/01\/03_plademunt.jpg 1920w\" sizes=\"auto, (max-width: 300px) 100vw, 300px\" \/><\/a><\/div>\n<p class=\"pt-cv-title\"><a href=\"https:\/\/ecocentral.cat\/es_es\/horta-pla-de-munt\/\" class=\"_self cvplbd\" target=\"_self\" >Horta Pla de Munt<\/a><\/p>\n<div class=\"pt-cv-content\">El Maresme<\/div><\/div>\n<div class=\"pt-cv-content-item pt-cv-1-col\"  data-pid=\"4205\"><div class=\"pt-cv-thumb-wrapper\"><a href=\"https:\/\/ecocentral.cat\/es_es\/jeroni-falgas\/\" class=\"_self pt-cv-href-thumbnail pt-cv-thumb-default cvplbd\" target=\"_self\" ><img loading=\"lazy\" decoding=\"async\" width=\"300\" height=\"200\" src=\"https:\/\/ecocentral.cat\/wp-content\/uploads\/2026\/03\/ChatGPT-Image-24-mar-2026-11_46_12-300x200.jpg\" class=\"pt-cv-thumbnail img-none\" alt=\"Jeroni Falg\u00e0s\" srcset=\"https:\/\/ecocentral.cat\/wp-content\/uploads\/2026\/03\/ChatGPT-Image-24-mar-2026-11_46_12-300x200.jpg 300w, https:\/\/ecocentral.cat\/wp-content\/uploads\/2026\/03\/ChatGPT-Image-24-mar-2026-11_46_12-1024x683.jpg 1024w, https:\/\/ecocentral.cat\/wp-content\/uploads\/2026\/03\/ChatGPT-Image-24-mar-2026-11_46_12-768x512.jpg 768w, https:\/\/ecocentral.cat\/wp-content\/uploads\/2026\/03\/ChatGPT-Image-24-mar-2026-11_46_12-18x12.jpg 18w, https:\/\/ecocentral.cat\/wp-content\/uploads\/2026\/03\/ChatGPT-Image-24-mar-2026-11_46_12.jpg 1536w\" sizes=\"auto, (max-width: 300px) 100vw, 300px\" \/><\/a><\/div>\n<p class=\"pt-cv-title\"><a href=\"https:\/\/ecocentral.cat\/es_es\/jeroni-falgas\/\" class=\"_self cvplbd\" target=\"_self\" >Jeroni Falg\u00e0s<\/a><\/p><\/div>\n<div class=\"pt-cv-content-item pt-cv-1-col\"  data-pid=\"1993\"><div class=\"pt-cv-thumb-wrapper\"><a href=\"https:\/\/ecocentral.cat\/es_es\/joan-andreu\/\" class=\"_self pt-cv-href-thumbnail pt-cv-thumb-default cvplbd\" target=\"_self\" ><img loading=\"lazy\" decoding=\"async\" width=\"300\" height=\"159\" src=\"https:\/\/ecocentral.cat\/wp-content\/uploads\/2025\/09\/biocitrus-2-300x159.jpg\" class=\"pt-cv-thumbnail img-none\" alt=\"Joan Andreu\" srcset=\"https:\/\/ecocentral.cat\/wp-content\/uploads\/2025\/09\/biocitrus-2-300x159.jpg 300w, https:\/\/ecocentral.cat\/wp-content\/uploads\/2025\/09\/biocitrus-2-1024x541.jpg 1024w, https:\/\/ecocentral.cat\/wp-content\/uploads\/2025\/09\/biocitrus-2-768x406.jpg 768w, https:\/\/ecocentral.cat\/wp-content\/uploads\/2025\/09\/biocitrus-2-1536x812.jpg 1536w, https:\/\/ecocentral.cat\/wp-content\/uploads\/2025\/09\/biocitrus-2-18x10.jpg 18w, https:\/\/ecocentral.cat\/wp-content\/uploads\/2025\/09\/biocitrus-2.jpg 1668w\" sizes=\"auto, (max-width: 300px) 100vw, 300px\" \/><\/a><\/div>\n<p class=\"pt-cv-title\"><a href=\"https:\/\/ecocentral.cat\/es_es\/joan-andreu\/\" class=\"_self cvplbd\" target=\"_self\" >Joan Andreu<\/a><\/p>\n<div class=\"pt-cv-content\">El Baix Ebre<\/div><\/div>\n<div class=\"pt-cv-content-item pt-cv-1-col\"  data-pid=\"2671\"><div class=\"pt-cv-thumb-wrapper\"><a href=\"https:\/\/ecocentral.cat\/es_es\/la-feixa-den-feliu\/\" class=\"_self pt-cv-href-thumbnail pt-cv-thumb-default cvplbd\" target=\"_self\" ><img loading=\"lazy\" decoding=\"async\" width=\"300\" height=\"146\" src=\"https:\/\/ecocentral.cat\/wp-content\/uploads\/2026\/01\/feixa-300x146.jpg\" class=\"pt-cv-thumbnail img-none\" alt=\"La Feixa de Feliu\" srcset=\"https:\/\/ecocentral.cat\/wp-content\/uploads\/2026\/01\/feixa-300x146.jpg 300w, https:\/\/ecocentral.cat\/wp-content\/uploads\/2026\/01\/feixa-1024x499.jpg 1024w, https:\/\/ecocentral.cat\/wp-content\/uploads\/2026\/01\/feixa-768x374.jpg 768w, https:\/\/ecocentral.cat\/wp-content\/uploads\/2026\/01\/feixa-1536x749.jpg 1536w, https:\/\/ecocentral.cat\/wp-content\/uploads\/2026\/01\/feixa-18x9.jpg 18w, https:\/\/ecocentral.cat\/wp-content\/uploads\/2026\/01\/feixa.jpg 1610w\" sizes=\"auto, (max-width: 300px) 100vw, 300px\" \/><\/a><\/div>\n<p class=\"pt-cv-title\"><a href=\"https:\/\/ecocentral.cat\/es_es\/la-feixa-den-feliu\/\" class=\"_self cvplbd\" target=\"_self\" >La Feixa de Feliu<\/a><\/p>\n<div class=\"pt-cv-content\">El Giron\u00e8s<\/div><\/div>\n<div class=\"pt-cv-content-item pt-cv-1-col\"  data-pid=\"4247\"><div class=\"pt-cv-thumb-wrapper\"><a href=\"https:\/\/ecocentral.cat\/es_es\/la-granadella\/\" class=\"_self pt-cv-href-thumbnail pt-cv-thumb-default cvplbd\" target=\"_self\" ><img loading=\"lazy\" decoding=\"async\" width=\"300\" height=\"161\" src=\"https:\/\/ecocentral.cat\/wp-content\/uploads\/2026\/03\/La-Granadella-300x161.jpg\" class=\"pt-cv-thumbnail img-none\" alt=\"La Granadella\" srcset=\"https:\/\/ecocentral.cat\/wp-content\/uploads\/2026\/03\/La-Granadella-300x161.jpg 300w, https:\/\/ecocentral.cat\/wp-content\/uploads\/2026\/03\/La-Granadella-1024x551.jpg 1024w, https:\/\/ecocentral.cat\/wp-content\/uploads\/2026\/03\/La-Granadella-768x413.jpg 768w, https:\/\/ecocentral.cat\/wp-content\/uploads\/2026\/03\/La-Granadella-18x10.jpg 18w, https:\/\/ecocentral.cat\/wp-content\/uploads\/2026\/03\/La-Granadella.jpg 1442w\" sizes=\"auto, (max-width: 300px) 100vw, 300px\" \/><\/a><\/div>\n<p class=\"pt-cv-title\"><a href=\"https:\/\/ecocentral.cat\/es_es\/la-granadella\/\" class=\"_self cvplbd\" target=\"_self\" >La Granadella<\/a><\/p>\n<div class=\"pt-cv-content\">Les Garrigues<\/div><\/div>\n<div class=\"pt-cv-content-item pt-cv-1-col\"  data-pid=\"1935\"><div class=\"pt-cv-thumb-wrapper\"><a href=\"https:\/\/ecocentral.cat\/es_es\/kosturica\/\" class=\"_self pt-cv-href-thumbnail pt-cv-thumb-default cvplbd\" target=\"_self\" ><img loading=\"lazy\" decoding=\"async\" width=\"300\" height=\"157\" src=\"https:\/\/ecocentral.cat\/wp-content\/uploads\/2025\/09\/la-kosturica-2-300x157.jpg\" class=\"pt-cv-thumbnail img-none\" alt=\"La Kosturica\" srcset=\"https:\/\/ecocentral.cat\/wp-content\/uploads\/2025\/09\/la-kosturica-2-300x157.jpg 300w, https:\/\/ecocentral.cat\/wp-content\/uploads\/2025\/09\/la-kosturica-2-1024x536.jpg 1024w, https:\/\/ecocentral.cat\/wp-content\/uploads\/2025\/09\/la-kosturica-2-768x402.jpg 768w, https:\/\/ecocentral.cat\/wp-content\/uploads\/2025\/09\/la-kosturica-2-1536x805.jpg 1536w, https:\/\/ecocentral.cat\/wp-content\/uploads\/2025\/09\/la-kosturica-2-18x9.jpg 18w, https:\/\/ecocentral.cat\/wp-content\/uploads\/2025\/09\/la-kosturica-2.jpg 1655w\" sizes=\"auto, (max-width: 300px) 100vw, 300px\" \/><\/a><\/div>\n<p class=\"pt-cv-title\"><a href=\"https:\/\/ecocentral.cat\/es_es\/kosturica\/\" class=\"_self cvplbd\" target=\"_self\" >La Kosturica<\/a><\/p>\n<div class=\"pt-cv-content\">El Vall\u00e8s Oriental<\/div><\/div>\n<div class=\"pt-cv-content-item pt-cv-1-col\"  data-pid=\"4253\"><div class=\"pt-cv-thumb-wrapper\"><a href=\"https:\/\/ecocentral.cat\/es_es\/la-moianesa\/\" class=\"_self pt-cv-href-thumbnail pt-cv-thumb-default cvplbd\" target=\"_self\" ><img loading=\"lazy\" decoding=\"async\" width=\"300\" height=\"200\" src=\"https:\/\/ecocentral.cat\/wp-content\/uploads\/2026\/03\/ChatGPT-Image-24-mar-2026-11_46_12-300x200.jpg\" class=\"pt-cv-thumbnail img-none\" alt=\"La Moianesa\" srcset=\"https:\/\/ecocentral.cat\/wp-content\/uploads\/2026\/03\/ChatGPT-Image-24-mar-2026-11_46_12-300x200.jpg 300w, https:\/\/ecocentral.cat\/wp-content\/uploads\/2026\/03\/ChatGPT-Image-24-mar-2026-11_46_12-1024x683.jpg 1024w, https:\/\/ecocentral.cat\/wp-content\/uploads\/2026\/03\/ChatGPT-Image-24-mar-2026-11_46_12-768x512.jpg 768w, https:\/\/ecocentral.cat\/wp-content\/uploads\/2026\/03\/ChatGPT-Image-24-mar-2026-11_46_12-18x12.jpg 18w, https:\/\/ecocentral.cat\/wp-content\/uploads\/2026\/03\/ChatGPT-Image-24-mar-2026-11_46_12.jpg 1536w\" sizes=\"auto, (max-width: 300px) 100vw, 300px\" \/><\/a><\/div>\n<p class=\"pt-cv-title\"><a href=\"https:\/\/ecocentral.cat\/es_es\/la-moianesa\/\" class=\"_self cvplbd\" target=\"_self\" >La Moianesa<\/a><\/p>\n<div class=\"pt-cv-content\">El Moian\u00e9s<\/div><\/div>\n<div class=\"pt-cv-content-item pt-cv-1-col\"  data-pid=\"4240\"><div class=\"pt-cv-thumb-wrapper\"><a href=\"https:\/\/ecocentral.cat\/es_es\/la-selvatana\/\" class=\"_self pt-cv-href-thumbnail pt-cv-thumb-default cvplbd\" target=\"_self\" ><img loading=\"lazy\" decoding=\"async\" width=\"300\" height=\"186\" src=\"https:\/\/ecocentral.cat\/wp-content\/uploads\/2026\/03\/la-selvatana-300x186.jpg\" class=\"pt-cv-thumbnail img-none\" alt=\"La Selvatana\" srcset=\"https:\/\/ecocentral.cat\/wp-content\/uploads\/2026\/03\/la-selvatana-300x186.jpg 300w, https:\/\/ecocentral.cat\/wp-content\/uploads\/2026\/03\/la-selvatana-1024x634.jpg 1024w, https:\/\/ecocentral.cat\/wp-content\/uploads\/2026\/03\/la-selvatana-768x475.jpg 768w, https:\/\/ecocentral.cat\/wp-content\/uploads\/2026\/03\/la-selvatana-18x12.jpg 18w, https:\/\/ecocentral.cat\/wp-content\/uploads\/2026\/03\/la-selvatana.jpg 1425w\" sizes=\"auto, (max-width: 300px) 100vw, 300px\" \/><\/a><\/div>\n<p class=\"pt-cv-title\"><a href=\"https:\/\/ecocentral.cat\/es_es\/la-selvatana\/\" class=\"_self cvplbd\" target=\"_self\" >La Selvatana<\/a><\/p>\n<div class=\"pt-cv-content\">El Giron\u00e8s<\/div><\/div>\n<div class=\"pt-cv-content-item pt-cv-1-col\"  data-pid=\"4218\"><div class=\"pt-cv-thumb-wrapper\"><a href=\"https:\/\/ecocentral.cat\/es_es\/mas-can-cadell\/\" class=\"_self pt-cv-href-thumbnail pt-cv-thumb-default cvplbd\" target=\"_self\" ><img loading=\"lazy\" decoding=\"async\" width=\"300\" height=\"222\" src=\"https:\/\/ecocentral.cat\/wp-content\/uploads\/2026\/03\/mas-can-cadell-300x222.jpg\" class=\"pt-cv-thumbnail img-none\" alt=\"Mas Can Cadell\" srcset=\"https:\/\/ecocentral.cat\/wp-content\/uploads\/2026\/03\/mas-can-cadell-300x222.jpg 300w, https:\/\/ecocentral.cat\/wp-content\/uploads\/2026\/03\/mas-can-cadell-768x568.jpg 768w, https:\/\/ecocentral.cat\/wp-content\/uploads\/2026\/03\/mas-can-cadell-16x12.jpg 16w, https:\/\/ecocentral.cat\/wp-content\/uploads\/2026\/03\/mas-can-cadell.jpg 963w\" sizes=\"auto, (max-width: 300px) 100vw, 300px\" \/><\/a><\/div>\n<p class=\"pt-cv-title\"><a href=\"https:\/\/ecocentral.cat\/es_es\/mas-can-cadell\/\" class=\"_self cvplbd\" target=\"_self\" >Mas Can Cadell<\/a><\/p>\n<div class=\"pt-cv-content\">La Selva<\/div><\/div>\n<div class=\"pt-cv-content-item pt-cv-1-col\"  data-pid=\"4201\"><div class=\"pt-cv-thumb-wrapper\"><a href=\"https:\/\/ecocentral.cat\/es_es\/mestres-de-la-vall\/\" class=\"_self pt-cv-href-thumbnail pt-cv-thumb-default cvplbd\" target=\"_self\" ><img loading=\"lazy\" decoding=\"async\" width=\"300\" height=\"200\" src=\"https:\/\/ecocentral.cat\/wp-content\/uploads\/2026\/03\/ChatGPT-Image-24-mar-2026-11_46_12-300x200.jpg\" class=\"pt-cv-thumbnail img-none\" alt=\"Mestres de la Vall\" srcset=\"https:\/\/ecocentral.cat\/wp-content\/uploads\/2026\/03\/ChatGPT-Image-24-mar-2026-11_46_12-300x200.jpg 300w, https:\/\/ecocentral.cat\/wp-content\/uploads\/2026\/03\/ChatGPT-Image-24-mar-2026-11_46_12-1024x683.jpg 1024w, https:\/\/ecocentral.cat\/wp-content\/uploads\/2026\/03\/ChatGPT-Image-24-mar-2026-11_46_12-768x512.jpg 768w, https:\/\/ecocentral.cat\/wp-content\/uploads\/2026\/03\/ChatGPT-Image-24-mar-2026-11_46_12-18x12.jpg 18w, https:\/\/ecocentral.cat\/wp-content\/uploads\/2026\/03\/ChatGPT-Image-24-mar-2026-11_46_12.jpg 1536w\" sizes=\"auto, (max-width: 300px) 100vw, 300px\" \/><\/a><\/div>\n<p class=\"pt-cv-title\"><a href=\"https:\/\/ecocentral.cat\/es_es\/mestres-de-la-vall\/\" class=\"_self cvplbd\" target=\"_self\" >Mestres de la Vall<\/a><\/p>\n<div class=\"pt-cv-content\">El Baix Ebre<\/div><\/div>\n<div class=\"pt-cv-content-item pt-cv-1-col\"  data-pid=\"4203\"><div class=\"pt-cv-thumb-wrapper\"><a href=\"https:\/\/ecocentral.cat\/es_es\/moli-d-en-puigvert\/\" class=\"_self pt-cv-href-thumbnail pt-cv-thumb-default cvplbd\" target=\"_self\" ><img loading=\"lazy\" decoding=\"async\" width=\"300\" height=\"200\" src=\"https:\/\/ecocentral.cat\/wp-content\/uploads\/2026\/03\/ChatGPT-Image-24-mar-2026-11_46_12-300x200.jpg\" class=\"pt-cv-thumbnail img-none\" alt=\"Molino de Puigvert\" srcset=\"https:\/\/ecocentral.cat\/wp-content\/uploads\/2026\/03\/ChatGPT-Image-24-mar-2026-11_46_12-300x200.jpg 300w, https:\/\/ecocentral.cat\/wp-content\/uploads\/2026\/03\/ChatGPT-Image-24-mar-2026-11_46_12-1024x683.jpg 1024w, https:\/\/ecocentral.cat\/wp-content\/uploads\/2026\/03\/ChatGPT-Image-24-mar-2026-11_46_12-768x512.jpg 768w, https:\/\/ecocentral.cat\/wp-content\/uploads\/2026\/03\/ChatGPT-Image-24-mar-2026-11_46_12-18x12.jpg 18w, https:\/\/ecocentral.cat\/wp-content\/uploads\/2026\/03\/ChatGPT-Image-24-mar-2026-11_46_12.jpg 1536w\" sizes=\"auto, (max-width: 300px) 100vw, 300px\" \/><\/a><\/div>\n<p class=\"pt-cv-title\"><a href=\"https:\/\/ecocentral.cat\/es_es\/moli-d-en-puigvert\/\" class=\"_self cvplbd\" target=\"_self\" >Mol\u00ed d\u2019en Puigvert<\/a><\/p>\n<div class=\"pt-cv-content\">El Maresme<\/div><\/div>\n<div class=\"pt-cv-content-item pt-cv-1-col\"  data-pid=\"2654\"><div class=\"pt-cv-thumb-wrapper\"><a href=\"https:\/\/ecocentral.cat\/es_es\/montmany\/\" class=\"_self pt-cv-href-thumbnail pt-cv-thumb-default cvplbd\" target=\"_self\" ><img loading=\"lazy\" decoding=\"async\" width=\"300\" height=\"185\" src=\"https:\/\/ecocentral.cat\/wp-content\/uploads\/2025\/09\/motmany-2-300x185.jpg\" class=\"pt-cv-thumbnail img-none\" alt=\"Montmany\" srcset=\"https:\/\/ecocentral.cat\/wp-content\/uploads\/2025\/09\/motmany-2-300x185.jpg 300w, https:\/\/ecocentral.cat\/wp-content\/uploads\/2025\/09\/motmany-2-1024x630.jpg 1024w, https:\/\/ecocentral.cat\/wp-content\/uploads\/2025\/09\/motmany-2-768x472.jpg 768w, https:\/\/ecocentral.cat\/wp-content\/uploads\/2025\/09\/motmany-2-18x12.jpg 18w, https:\/\/ecocentral.cat\/wp-content\/uploads\/2025\/09\/motmany-2.jpg 1512w\" sizes=\"auto, (max-width: 300px) 100vw, 300px\" \/><\/a><\/div>\n<p class=\"pt-cv-title\"><a href=\"https:\/\/ecocentral.cat\/es_es\/montmany\/\" class=\"_self cvplbd\" target=\"_self\" >Montmany<\/a><\/p>\n<div class=\"pt-cv-content\">El Baix Llobregat<\/div><\/div>\n<div class=\"pt-cv-content-item pt-cv-1-col\"  data-pid=\"4190\"><div class=\"pt-cv-thumb-wrapper\"><a href=\"https:\/\/ecocentral.cat\/es_es\/ous-roca-negra\/\" class=\"_self pt-cv-href-thumbnail pt-cv-thumb-default cvplbd\" target=\"_self\" ><img loading=\"lazy\" decoding=\"async\" width=\"300\" height=\"200\" src=\"https:\/\/ecocentral.cat\/wp-content\/uploads\/2026\/03\/ChatGPT-Image-24-mar-2026-11_46_12-300x200.jpg\" class=\"pt-cv-thumbnail img-none\" alt=\"Ous Roca Negra\" srcset=\"https:\/\/ecocentral.cat\/wp-content\/uploads\/2026\/03\/ChatGPT-Image-24-mar-2026-11_46_12-300x200.jpg 300w, https:\/\/ecocentral.cat\/wp-content\/uploads\/2026\/03\/ChatGPT-Image-24-mar-2026-11_46_12-1024x683.jpg 1024w, https:\/\/ecocentral.cat\/wp-content\/uploads\/2026\/03\/ChatGPT-Image-24-mar-2026-11_46_12-768x512.jpg 768w, https:\/\/ecocentral.cat\/wp-content\/uploads\/2026\/03\/ChatGPT-Image-24-mar-2026-11_46_12-18x12.jpg 18w, https:\/\/ecocentral.cat\/wp-content\/uploads\/2026\/03\/ChatGPT-Image-24-mar-2026-11_46_12.jpg 1536w\" sizes=\"auto, (max-width: 300px) 100vw, 300px\" \/><\/a><\/div>\n<p class=\"pt-cv-title\"><a href=\"https:\/\/ecocentral.cat\/es_es\/ous-roca-negra\/\" class=\"_self cvplbd\" target=\"_self\" >Ous Roca Negra<\/a><\/p>\n<div class=\"pt-cv-content\">La Garrotxa<\/div><\/div>\n<div class=\"pt-cv-content-item pt-cv-1-col\"  data-pid=\"2663\"><div class=\"pt-cv-thumb-wrapper\"><a href=\"https:\/\/ecocentral.cat\/es_es\/pomona-fruits\/\" class=\"_self pt-cv-href-thumbnail pt-cv-thumb-default cvplbd\" target=\"_self\" ><img loading=\"lazy\" decoding=\"async\" width=\"300\" height=\"200\" src=\"https:\/\/ecocentral.cat\/wp-content\/uploads\/2026\/01\/06_pomona-1-1-300x200.jpg\" class=\"pt-cv-thumbnail img-none\" alt=\"Pomona Fruits\" srcset=\"https:\/\/ecocentral.cat\/wp-content\/uploads\/2026\/01\/06_pomona-1-1-300x200.jpg 300w, https:\/\/ecocentral.cat\/wp-content\/uploads\/2026\/01\/06_pomona-1-1-1024x682.jpg 1024w, https:\/\/ecocentral.cat\/wp-content\/uploads\/2026\/01\/06_pomona-1-1-768x512.jpg 768w, https:\/\/ecocentral.cat\/wp-content\/uploads\/2026\/01\/06_pomona-1-1-18x12.jpg 18w, https:\/\/ecocentral.cat\/wp-content\/uploads\/2026\/01\/06_pomona-1-1.jpg 1250w\" sizes=\"auto, (max-width: 300px) 100vw, 300px\" \/><\/a><\/div>\n<p class=\"pt-cv-title\"><a href=\"https:\/\/ecocentral.cat\/es_es\/pomona-fruits\/\" class=\"_self cvplbd\" target=\"_self\" >Pomona Fruits<\/a><\/p>\n<div class=\"pt-cv-content\">El Noguera<\/div><\/div>\n<div class=\"pt-cv-content-item pt-cv-1-col\"  data-pid=\"2673\"><div class=\"pt-cv-thumb-wrapper\"><a href=\"https:\/\/ecocentral.cat\/es_es\/ribagorsanes\/\" class=\"_self pt-cv-href-thumbnail pt-cv-thumb-default cvplbd\" target=\"_self\" ><img loading=\"lazy\" decoding=\"async\" width=\"300\" height=\"225\" src=\"https:\/\/ecocentral.cat\/wp-content\/uploads\/2026\/01\/ribagorsanes-ecocentral-300x225.jpg\" class=\"pt-cv-thumbnail img-none\" alt=\"RibagorSanes\" srcset=\"https:\/\/ecocentral.cat\/wp-content\/uploads\/2026\/01\/ribagorsanes-ecocentral-300x225.jpg 300w, https:\/\/ecocentral.cat\/wp-content\/uploads\/2026\/01\/ribagorsanes-ecocentral-1024x768.jpg 1024w, https:\/\/ecocentral.cat\/wp-content\/uploads\/2026\/01\/ribagorsanes-ecocentral-768x576.jpg 768w, https:\/\/ecocentral.cat\/wp-content\/uploads\/2026\/01\/ribagorsanes-ecocentral-1536x1152.jpg 1536w, https:\/\/ecocentral.cat\/wp-content\/uploads\/2026\/01\/ribagorsanes-ecocentral-16x12.jpg 16w, https:\/\/ecocentral.cat\/wp-content\/uploads\/2026\/01\/ribagorsanes-ecocentral.jpg 2000w\" sizes=\"auto, (max-width: 300px) 100vw, 300px\" \/><\/a><\/div>\n<p class=\"pt-cv-title\"><a href=\"https:\/\/ecocentral.cat\/es_es\/ribagorsanes\/\" class=\"_self cvplbd\" target=\"_self\" >RibagorSanes<\/a><\/p>\n<div class=\"pt-cv-content\">L\u2019Alta Ribagor\u00e7a<\/div><\/div>\n<div class=\"pt-cv-content-item pt-cv-1-col\"  data-pid=\"2001\"><div class=\"pt-cv-thumb-wrapper\"><a href=\"https:\/\/ecocentral.cat\/es_es\/riet-vell\/\" class=\"_self pt-cv-href-thumbnail pt-cv-thumb-default cvplbd\" target=\"_self\" ><img loading=\"lazy\" decoding=\"async\" width=\"300\" height=\"146\" src=\"https:\/\/ecocentral.cat\/wp-content\/uploads\/2025\/09\/riet-vell-2-300x146.jpg\" class=\"pt-cv-thumbnail img-none\" alt=\"Riet Vell\" srcset=\"https:\/\/ecocentral.cat\/wp-content\/uploads\/2025\/09\/riet-vell-2-300x146.jpg 300w, https:\/\/ecocentral.cat\/wp-content\/uploads\/2025\/09\/riet-vell-2-1024x498.jpg 1024w, https:\/\/ecocentral.cat\/wp-content\/uploads\/2025\/09\/riet-vell-2-768x373.jpg 768w, https:\/\/ecocentral.cat\/wp-content\/uploads\/2025\/09\/riet-vell-2-1536x747.jpg 1536w, https:\/\/ecocentral.cat\/wp-content\/uploads\/2025\/09\/riet-vell-2-18x9.jpg 18w, https:\/\/ecocentral.cat\/wp-content\/uploads\/2025\/09\/riet-vell-2.jpg 1748w\" sizes=\"auto, (max-width: 300px) 100vw, 300px\" \/><\/a><\/div>\n<p class=\"pt-cv-title\"><a href=\"https:\/\/ecocentral.cat\/es_es\/riet-vell\/\" class=\"_self cvplbd\" target=\"_self\" >Riet Vell<\/a><\/p>\n<div class=\"pt-cv-content\">El Montsi\u00e0<\/div><\/div>\n<div class=\"pt-cv-content-item pt-cv-1-col\"  data-pid=\"1961\"><div class=\"pt-cv-thumb-wrapper\"><a href=\"https:\/\/ecocentral.cat\/es_es\/tugas\/\" class=\"_self pt-cv-href-thumbnail pt-cv-thumb-default cvplbd\" target=\"_self\" ><img loading=\"lazy\" decoding=\"async\" width=\"300\" height=\"191\" src=\"https:\/\/ecocentral.cat\/wp-content\/uploads\/2025\/09\/tugas-300x191.jpg\" class=\"pt-cv-thumbnail img-none\" alt=\"Tugas\" srcset=\"https:\/\/ecocentral.cat\/wp-content\/uploads\/2025\/09\/tugas-300x191.jpg 300w, https:\/\/ecocentral.cat\/wp-content\/uploads\/2025\/09\/tugas-1024x652.jpg 1024w, https:\/\/ecocentral.cat\/wp-content\/uploads\/2025\/09\/tugas-768x489.jpg 768w, https:\/\/ecocentral.cat\/wp-content\/uploads\/2025\/09\/tugas-18x12.jpg 18w, https:\/\/ecocentral.cat\/wp-content\/uploads\/2025\/09\/tugas.jpg 1362w\" sizes=\"auto, (max-width: 300px) 100vw, 300px\" \/><\/a><\/div>\n<p class=\"pt-cv-title\"><a href=\"https:\/\/ecocentral.cat\/es_es\/tugas\/\" class=\"_self cvplbd\" target=\"_self\" >Tugas<\/a><\/p>\n<div class=\"pt-cv-content\">El Baix Llobregat<\/div><\/div>\n<div class=\"pt-cv-content-item pt-cv-1-col\"  data-pid=\"2540\"><div class=\"pt-cv-thumb-wrapper\"><a href=\"https:\/\/ecocentral.cat\/es_es\/vallpla2006\/\" class=\"_self pt-cv-href-thumbnail pt-cv-thumb-default cvplbd\" target=\"_self\" ><img loading=\"lazy\" decoding=\"async\" width=\"300\" height=\"167\" src=\"https:\/\/ecocentral.cat\/wp-content\/uploads\/2026\/01\/02_vallpla-1-1-1-300x167.jpeg\" class=\"pt-cv-thumbnail img-none\" alt=\"Vallpla2006\" srcset=\"https:\/\/ecocentral.cat\/wp-content\/uploads\/2026\/01\/02_vallpla-1-1-1-300x167.jpeg 300w, https:\/\/ecocentral.cat\/wp-content\/uploads\/2026\/01\/02_vallpla-1-1-1-768x428.jpeg 768w, https:\/\/ecocentral.cat\/wp-content\/uploads\/2026\/01\/02_vallpla-1-1-1-18x10.jpeg 18w, https:\/\/ecocentral.cat\/wp-content\/uploads\/2026\/01\/02_vallpla-1-1-1.jpeg 934w\" sizes=\"auto, (max-width: 300px) 100vw, 300px\" \/><\/a><\/div>\n<p class=\"pt-cv-title\"><a href=\"https:\/\/ecocentral.cat\/es_es\/vallpla2006\/\" class=\"_self cvplbd\" target=\"_self\" >Vallpla2006<\/a><\/p>\n<div class=\"pt-cv-content\">Baix Camp<\/div><\/div><\/div><\/div><\/div>\t\t\t<style type=\"text\/css\" id=\"pt-cv-inline-style-3008e63kup\">\n#pt-cv-view-af7fa40oeq .pt-cv-thumb-wrapper:not(.miniwrap) { width: 100%; }#pt-cv-view-af7fa40oeq .pt-cv-thumbnail:not(.pt-cv-thumbnailsm) { height: 250px; }#pt-cv-view-af7fa40oeq > .pt-cv-page {grid-template-columns: repeat(5, 1fr);grid-gap: 15px;}\n@media all and (max-width: 1024px) { \n#pt-cv-view-af7fa40oeq > .pt-cv-page {grid-template-columns: repeat(2, 1fr);}\n} \n@media all and (max-width: 767px) { \n#pt-cv-view-af7fa40oeq > .pt-cv-page {grid-template-columns: repeat(2, 1fr);}\n} <\/style>\r\n\t\t\t\t\t\t<style type=\"text\/css\" id=\"pt-cv-inline-style-fda57f74hn\">#pt-cv-view-af7fa40oeq .pt-cv-content-item { padding-top: 0px !important; padding-right: 0px !important; padding-bottom: 0px !important; padding-left: 0px !important; }\n#pt-cv-view-af7fa40oeq  .pt-cv-content-item   { background-color: #ffffff !important; border-style: none !important; }\n #pt-cv-view-af7fa40oeq[class*='cveffect'] .pt-cv-thumb-wrapper, #pt-cv-view-af7fa40oeq:not([class*='cveffect']) .pt-cv-thumbnail, #pt-cv-view-af7fa40oeq  .cvp-responsive-image[style*=background-image] { border-style: none }\n#pt-cv-view-af7fa40oeq .pt-cv-title a, #pt-cv-view-af7fa40oeq  .panel-title { font-size: 20px !important; line-height: 1.3 !important; color: #0d3c00 !important; font-weight: 600 !important; display: block !important; text-align: center !important; clear: both !important; padding: 2px 2px 2px 2px !important; }\n@media (min-width: 768px) and (max-width: 991px) {#pt-cv-view-af7fa40oeq .pt-cv-title a, #pt-cv-view-af7fa40oeq  .panel-title { font-size: 20px !important }}\n@media (max-width: 767px) {#pt-cv-view-af7fa40oeq .pt-cv-title a, #pt-cv-view-af7fa40oeq  .panel-title { font-size: 16px !important }}\n#pt-cv-view-af7fa40oeq .pt-cv-content , #pt-cv-view-af7fa40oeq  .pt-cv-content *:not(.pt-cv-readmore):not(style):not(script) { font-size: 15px !important; line-height: 1.3 !important; background-color: #ffffff !important; margin: 5px 5px 5px 5px !important; padding: 0px 0px 0px 0px !important; }\n@media (min-width: 768px) and (max-width: 991px) {#pt-cv-view-af7fa40oeq .pt-cv-content , #pt-cv-view-af7fa40oeq  .pt-cv-content *:not(.pt-cv-readmore):not(style):not(script) { font-size: 17px !important }}\n@media (max-width: 767px) {#pt-cv-view-af7fa40oeq .pt-cv-content , #pt-cv-view-af7fa40oeq  .pt-cv-content *:not(.pt-cv-readmore):not(style):not(script) { font-size: 15px !important }}\n#pt-cv-view-af7fa40oeq .pt-cv-remain-wrapper  { background-color: #ffffff !important; }\n#pt-cv-view-af7fa40oeq .pt-cv-readmore  { font-family: 'Roboto', Arial, serif !important; font-size: 15px !important; line-height: 1.3 !important; color: #ffffff !important; background-color: #0d3c00 !important; font-weight: 600 !important; margin-left: auto !important; margin-right: auto !important; float: none !important; display: table !important; text-align: center !important; clear: both !important; margin: 30px auto 19px auto !important; padding: 5px 20px 5px 20px !important; border-radius: 50px 50px 50px 50px !important; }\n@media (max-width: 767px) {#pt-cv-view-af7fa40oeq .pt-cv-readmore  { font-size: 15px !important }}\n#pt-cv-view-af7fa40oeq .pt-cv-readmore:hover  { font-family: 'Roboto', Arial, serif !important; color: #ffffff !important; background-color: #0d3c00 !important; font-weight: 600 !important; margin-left: auto !important; margin-right: auto !important; float: none !important; display: table !important; text-align: center !important; clear: both !important; border-radius: 50px 50px 50px 50px !important; }\n#pt-cv-view-af7fa40oeq { text-align: center; }<\/style>\r\n\t\t\t<link href='\/\/fonts.googleapis.com\/css?family=Roboto' rel='stylesheet' type='text\/css'><\/div><\/div>\n\n\n\n<div id=\"gestores\" class=\"wp-block-uagb-container uagb-block-ffa626ce alignfull uagb-is-root-container\"><div class=\"uagb-container-inner-blocks-wrap\">\n<div class=\"wp-block-uagb-container uagb-block-08fec573\">\n<div class=\"wp-block-uagb-advanced-heading uagb-block-45f07924\"><h2 class=\"uagb-heading-text\">gestoras<\/h2><\/div>\n<\/div>\n<\/div><\/div>\n\n\n\n<div class=\"wp-block-uagb-container uagb-block-6cd077f2 alignfull uagb-is-root-container\"><div class=\"uagb-container-inner-blocks-wrap\">\n<div class=\"wp-block-uagb-container uagb-block-15c8c39e\">\n<div class=\"wp-block-uagb-container uagb-block-1619c850 alignfull uagb-is-root-container\"><div class=\"uagb-container-inner-blocks-wrap\">\n<div class=\"wp-block-uagb-container uagb-layout-grid uagb-block-60113b09\">\n<div class=\"wp-block-uagb-container uagb-block-7a1971b0\">\n<div class=\"wp-block-uagb-advanced-heading uagb-block-80181414\"><p class=\"uagb-heading-text\">Colaboramos con diferentes gestoras catalanas haciendo equipo y conect\u00e1ndolas con nuestros campesinos.<\/p><\/div>\n\n\n\n<div class=\"wp-block-uagb-advanced-heading uagb-block-0f3018ee\"><p class=\"uagb-heading-text\">Servimos a comedores escolares ecol\u00f3gicos y asesoramos a quienes han decidido dar el paso hacia la alimentaci\u00f3n ecol\u00f3gica. Nos encargamos de buscar el mejor producto ecol\u00f3gico de proximidad y hacerlo llegar a las escuelas que participan en el proyecto. <\/p><\/div>\n\n\n\n<div class=\"wp-block-uagb-advanced-heading uagb-block-dce1683a\"><p class=\"uagb-heading-text\">Es el productor quien factura a los gestores de comedores a precio de coste. Nosotros cobramos s\u00f3lo el servicio.<\/p><\/div>\n<\/div>\n\n\n\n<div class=\"wp-block-group is-nowrap is-layout-flex wp-container-core-group-is-layout-6c531013 wp-block-group-is-layout-flex\">\n<div class=\"wp-block-uagb-container uagb-block-232c2b5f\">\n<div class=\"wp-block-uagb-image uagb-block-14df3460 wp-block-uagb-image--layout-default wp-block-uagb-image--effect-static wp-block-uagb-image--align-none\"><figure class=\"wp-block-uagb-image__figure\"><img decoding=\"async\" srcset=\"https:\/\/ecocentral.cat\/wp-content\/uploads\/2026\/03\/EQUIP-ECONCENTRAL-1.jpg ,https:\/\/ecocentral.cat\/wp-content\/uploads\/2026\/03\/EQUIP-ECONCENTRAL-1.jpg 780w, https:\/\/ecocentral.cat\/wp-content\/uploads\/2026\/03\/EQUIP-ECONCENTRAL-1-1024x545.jpg 360w\" sizes=\"auto, (max-width: 480px) 150px\" src=\"https:\/\/ecocentral.cat\/wp-content\/uploads\/2026\/03\/EQUIP-ECONCENTRAL-1.jpg\" alt=\"\" class=\"uag-image-3002\" width=\"1231\" height=\"655\" title=\"EQUIPO ECONCENTRAL (1)\" loading=\"lazy\" role=\"img\"\/><\/figure><\/div>\n<\/div>\n<\/div>\n<\/div>\n\n\n\n<div class=\"wp-block-uagb-advanced-heading uagb-block-53b92bca uag-hide-desktop uag-hide-tab uag-hide-mob\"><h2 class=\"uagb-heading-text\">SOMOS TRANSPARENTES<\/h2><\/div>\n\n\n\n<div class=\"wp-block-uagb-advanced-heading uagb-block-b9746727 uag-hide-desktop uag-hide-tab uag-hide-mob\"><p class=\"uagb-heading-text\">Llevamos la transparencia al m\u00e1ximo nivel mostrando los datos del volumen de operaciones de Ecocentral por cada comedor escolar ecol\u00f3gico.<\/p><\/div>\n\n\n\n<div class=\"wp-block-uagb-advanced-heading uagb-block-0eed6723 uag-hide-desktop uag-hide-tab uag-hide-mob\"><p class=\"uagb-heading-text\">En el siguiente enlace encontrar\u00e1 una carpeta por empresa gestora de comedores escolares y dentro de una carpeta por escuela con el volumen de consumo.<\/p><\/div>\n\n\n\n<div class=\"wp-block-uagb-buttons uagb-buttons__outer-wrap uagb-btn__medium-btn uagb-btn-tablet__default-btn uagb-btn-mobile__default-btn uagb-block-8025e489 uag-hide-desktop uag-hide-tab uag-hide-mob\"><div class=\"uagb-buttons__wrap uagb-buttons-layout-wrap\">\n<div class=\"wp-block-uagb-buttons-child uagb-buttons__outer-wrap uagb-block-fd6533a6 wp-block-button\"><div class=\"uagb-button__wrapper\"><a class=\"uagb-buttons-repeater wp-block-button__link\" aria-label=\"\" href=\"https:\/\/drive.google.com\/drive\/folders\/1CBQc8epAwp1rasCB6Mz9nU1RJJIw3NDj\" rel=\"follow noopener\" target=\"_self\" role=\"button\"><div class=\"uagb-button__link\">CONSULTA EL CONSUMO DE CADA ESCUELA <\/div><span class=\"uagb-button__icon uagb-button__icon-position-after\"><svg xmlns=\"https:\/\/www.w3.org\/2000\/svg\" viewbox=\"0 0 448 512\" aria-hidden=\"true\" focussable=\"false\"><path d=\"M438.6 278.6l-160 160C272.4 444.9 264.2 448 256 448s-16.38-3.125-22.62-9.375c-12.5-12.5-12.5-32.75 0-45.25L338.8 288H32C14.33 288 .0016 273.7 .0016 256S14.33 224 32 224h306.8l-105.4-105.4c-12.5-12.5-12.5-32.75 0-45.25s32.75-12.5 45.25 0l160 160C451.1 245.9 451.1 266.1 438.6 278.6z\"><\/path><\/svg><\/span><\/a><\/div><\/div>\n<\/div><\/div>\n<\/div><\/div>\n<\/div>\n<\/div><\/div>\n\n\n\n<div class=\"wp-block-uagb-advanced-heading uagb-block-6653b01a\" id=\"families\"><p class=\"uagb-heading-text\">AFA Y ESCUELAS<\/p><\/div>\n\n\n\n<div class=\"wp-block-uagb-container uagb-block-5186c46d alignfull uagb-is-root-container\"><div class=\"uagb-container-inner-blocks-wrap\">\n<div class=\"wp-block-uagb-container uagb-block-c60930ec\">\n<div class=\"wp-block-uagb-container uagb-block-60f4ae37 alignfull uagb-is-root-container\"><div class=\"uagb-container-inner-blocks-wrap\">\n<div class=\"wp-block-uagb-container uagb-layout-grid uagb-block-7e6fffa8\">\n<div class=\"wp-block-uagb-container uagb-block-901934e5\">\n<div class=\"wp-block-uagb-advanced-heading uagb-block-33313d98\"><p class=\"uagb-heading-text\">Valoramos la importancia de un alimento saludable desde la infancia. Estamos convencidos de que somos lo que comemos, por eso corroboremos la importancia de un alimento saludable para los ni\u00f1os.<\/p><\/div>\n\n\n\n<div class=\"wp-block-uagb-advanced-heading uagb-block-45760d28\"><p class=\"uagb-heading-text\">Nos alegra que las AFA y sus equipos directivos tomen conciencia de la importancia de apoyar la introducci\u00f3n de la alimentaci\u00f3n ecol\u00f3gica dentro del proyecto educativo de sus escuelas y que se creen h\u00e1bitos alimenticios saludables desde las primeras etapas de su vida.<\/p><\/div>\n\n\n\n<div class=\"wp-block-uagb-buttons uagb-buttons__outer-wrap uagb-btn__medium-btn uagb-btn-tablet__default-btn uagb-btn-mobile__default-btn uagb-block-40cae8ee\"><div class=\"uagb-buttons__wrap uagb-buttons-layout-wrap\">\n<div class=\"wp-block-uagb-buttons-child uagb-buttons__outer-wrap uagb-block-9531a599 wp-block-button\"><div class=\"uagb-button__wrapper\"><a class=\"uagb-buttons-repeater wp-block-button__link\" aria-label=\"\" href=\"https:\/\/ecocentral.cat\/es_es\/#contacte\" rel=\"follow noopener\" target=\"_self\" role=\"button\"><div class=\"uagb-button__link\">HABLAMOS?<\/div><\/a><\/div><\/div>\n<\/div><\/div>\n<\/div>\n\n\n\n<div class=\"wp-block-group is-nowrap is-layout-flex wp-container-core-group-is-layout-6c531013 wp-block-group-is-layout-flex\">\n<div class=\"wp-block-uagb-container uagb-block-02ba5797\">\n<div class=\"wp-block-uagb-image uagb-block-161c61ec wp-block-uagb-image--layout-default wp-block-uagb-image--effect-static wp-block-uagb-image--align-none\"><figure class=\"wp-block-uagb-image__figure\"><img decoding=\"async\" srcset=\"https:\/\/ecocentral.cat\/wp-content\/uploads\/2026\/04\/amb-qui-1.jpg ,https:\/\/ecocentral.cat\/wp-content\/uploads\/2026\/04\/amb-qui-1.jpg 780w, https:\/\/ecocentral.cat\/wp-content\/uploads\/2026\/04\/amb-qui-1.jpg 360w\" sizes=\"auto, (max-width: 480px) 150px\" src=\"https:\/\/ecocentral.cat\/wp-content\/uploads\/2026\/04\/amb-qui-1.jpg\" alt=\"\" class=\"uag-image-6305\" width=\"400\" height=\"267\" title=\"con quien (1)\" loading=\"lazy\" role=\"img\"\/><\/figure><\/div>\n<\/div>\n<\/div>\n<\/div>\n\n\n\n<div class=\"wp-block-uagb-advanced-heading uagb-block-305aa650\"><p class=\"uagb-heading-text\">LAS ESCUELAS ECOCENTRAL<\/p><\/div>\n\n\n\n<div class=\"wp-block-uagb-advanced-heading uagb-block-35351b26\"><p class=\"uagb-heading-text\">En el siguiente mapa puedes ver las escuelas con comedor ecol\u00f3gico servidas por Ecocentral.<\/p><\/div>\n\n\n\n<iframe loading=\"lazy\" src=\"https:\/\/www.google.com\/maps\/d\/embed?mid=1nfwhKPGuzyK3pszGrOG_IyE-ke4UJPs&#038;ehbc=2E312F\" width=\"640\" height=\"480\"><\/iframe>\n<\/div><\/div>\n<\/div>\n<\/div><\/div>\n\n\n\n<div class=\"wp-block-uagb-container uag-hide-desktop uag-hide-tab uag-hide-mob uagb-block-c72db12e alignfull uagb-is-root-container\"><div class=\"uagb-container-inner-blocks-wrap\">\n<div class=\"wp-block-uagb-image uagb-block-f51d4dfd wp-block-uagb-image--layout-default wp-block-uagb-image--effect-static wp-block-uagb-image--align-none\"><figure class=\"wp-block-uagb-image__figure\"><img decoding=\"async\" srcset=\"https:\/\/ecocentral.cat\/wp-content\/uploads\/2026\/03\/MG_0654-1-1-1024x441.jpg ,https:\/\/ecocentral.cat\/wp-content\/uploads\/2026\/03\/MG_0654-1-1.jpg 780w, https:\/\/ecocentral.cat\/wp-content\/uploads\/2026\/03\/MG_0654-1-1-1024x441.jpg 360w\" sizes=\"auto, (max-width: 480px) 150px\" src=\"https:\/\/ecocentral.cat\/wp-content\/uploads\/2026\/03\/MG_0654-1-1-1024x441.jpg\" alt=\"\" class=\"uag-image-3443\" width=\"2500\" height=\"1076\" title=\"\" loading=\"lazy\" role=\"presentation\"\/><\/figure><\/div>\n<\/div><\/div>","protected":false},"excerpt":{"rendered":"<p>PRODUCTORS, GESTORES, ESCOLES I AFAS Els has decon\u00e8ixer Sense pagesos i productors, gestores de menjador i les AFA no podriem [&hellip;]<\/p>","protected":false},"author":1,"featured_media":59,"parent":0,"menu_order":0,"comment_status":"closed","ping_status":"closed","template":"","meta":{"_uag_custom_page_level_css":"","site-sidebar-layout":"default","site-content-layout":"","ast-site-content-layout":"default","site-content-style":"default","site-sidebar-style":"default","ast-global-header-display":"","ast-banner-title-visibility":"","ast-main-header-display":"","ast-hfb-above-header-display":"","ast-hfb-below-header-display":"","ast-hfb-mobile-header-display":"","site-post-title":"disabled","ast-breadcrumbs-content":"","ast-featured-img":"disabled","footer-sml-layout":"","ast-disable-related-posts":"","theme-transparent-header-meta":"","adv-header-id-meta":"","stick-header-meta":"","header-above-stick-meta":"","header-main-stick-meta":"","header-below-stick-meta":"","astra-migrate-meta-layouts":"default","ast-page-background-enabled":"default","ast-page-background-meta":{"desktop":{"background-color":"var(--ast-global-color-5)","background-image":"","background-repeat":"repeat","background-position":"center center","background-size":"auto","background-attachment":"scroll","background-type":"","background-media":"","overlay-type":"","overlay-color":"","overlay-opacity":"","overlay-gradient":""},"tablet":{"background-color":"","background-image":"","background-repeat":"repeat","background-position":"center center","background-size":"auto","background-attachment":"scroll","background-type":"","background-media":"","overlay-type":"","overlay-color":"","overlay-opacity":"","overlay-gradient":""},"mobile":{"background-color":"","background-image":"","background-repeat":"repeat","background-position":"center center","background-size":"auto","background-attachment":"scroll","background-type":"","background-media":"","overlay-type":"","overlay-color":"","overlay-opacity":"","overlay-gradient":""}},"ast-content-background-meta":{"desktop":{"background-color":"var(--ast-global-color-4)","background-image":"","background-repeat":"repeat","background-position":"center center","background-size":"auto","background-attachment":"scroll","background-type":"","background-media":"","overlay-type":"","overlay-color":"","overlay-opacity":"","overlay-gradient":""},"tablet":{"background-color":"var(--ast-global-color-4)","background-image":"","background-repeat":"repeat","background-position":"center center","background-size":"auto","background-attachment":"scroll","background-type":"","background-media":"","overlay-type":"","overlay-color":"","overlay-opacity":"","overlay-gradient":""},"mobile":{"background-color":"var(--ast-global-color-4)","background-image":"","background-repeat":"repeat","background-position":"center center","background-size":"auto","background-attachment":"scroll","background-type":"","background-media":"","overlay-type":"","overlay-color":"","overlay-opacity":"","overlay-gradient":""}},"footnotes":""},"class_list":["post-480","page","type-page","status-publish","has-post-thumbnail","hentry"],"uagb_featured_image_src":{"full":["https:\/\/ecocentral.cat\/wp-content\/uploads\/2026\/03\/Logo_Ecocentral_Verd.png",2008,352,false],"thumbnail":["https:\/\/ecocentral.cat\/wp-content\/uploads\/2026\/03\/Logo_Ecocentral_Verd-150x150.png",150,150,true],"medium":["https:\/\/ecocentral.cat\/wp-content\/uploads\/2026\/03\/Logo_Ecocentral_Verd-300x53.png",300,53,true],"medium_large":["https:\/\/ecocentral.cat\/wp-content\/uploads\/2026\/03\/Logo_Ecocentral_Verd-768x135.png",768,135,true],"large":["https:\/\/ecocentral.cat\/wp-content\/uploads\/2026\/03\/Logo_Ecocentral_Verd-1024x180.png",1024,180,true],"1536x1536":["https:\/\/ecocentral.cat\/wp-content\/uploads\/2026\/03\/Logo_Ecocentral_Verd-1536x269.png",1536,269,true],"2048x2048":["https:\/\/ecocentral.cat\/wp-content\/uploads\/2026\/03\/Logo_Ecocentral_Verd.png",2008,352,false],"trp-custom-language-flag":["https:\/\/ecocentral.cat\/wp-content\/uploads\/2026\/03\/Logo_Ecocentral_Verd-18x3.png",18,3,true]},"uagb_author_info":{"display_name":"orioricm@gmail.com","author_link":"https:\/\/ecocentral.cat\/es_es\/author\/orioricmgmail-com\/"},"uagb_comment_info":0,"uagb_excerpt":"PRODUCTORS, GESTORES, ESCOLES I AFAS Els has decon\u00e8ixer Sense pagesos i productors, gestores de menjador i les AFA no podriem [&hellip;]","_links":{"self":[{"href":"https:\/\/ecocentral.cat\/es_es\/wp-json\/wp\/v2\/pages\/480","targetHints":{"allow":["GET"]}}],"collection":[{"href":"https:\/\/ecocentral.cat\/es_es\/wp-json\/wp\/v2\/pages"}],"about":[{"href":"https:\/\/ecocentral.cat\/es_es\/wp-json\/wp\/v2\/types\/page"}],"author":[{"embeddable":true,"href":"https:\/\/ecocentral.cat\/es_es\/wp-json\/wp\/v2\/users\/1"}],"replies":[{"embeddable":true,"href":"https:\/\/ecocentral.cat\/es_es\/wp-json\/wp\/v2\/comments?post=480"}],"version-history":[{"count":220,"href":"https:\/\/ecocentral.cat\/es_es\/wp-json\/wp\/v2\/pages\/480\/revisions"}],"predecessor-version":[{"id":6306,"href":"https:\/\/ecocentral.cat\/es_es\/wp-json\/wp\/v2\/pages\/480\/revisions\/6306"}],"wp:featuredmedia":[{"embeddable":true,"href":"https:\/\/ecocentral.cat\/es_es\/wp-json\/wp\/v2\/media\/59"}],"wp:attachment":[{"href":"https:\/\/ecocentral.cat\/es_es\/wp-json\/wp\/v2\/media?parent=480"}],"curies":[{"name":"wp","href":"https:\/\/api.w.org\/{rel}","templated":true}]}}